{"id":2998,"date":"2015-01-14T15:26:11","date_gmt":"2015-01-14T15:26:11","guid":{"rendered":"http:\/\/nice-network.org\/?page_id=2998"},"modified":"2020-03-18T13:52:46","modified_gmt":"2020-03-18T13:52:46","slug":"description","status":"publish","type":"page","link":"https:\/\/nice-network.org\/fr\/description\/","title":{"rendered":"Sur NICE"},"content":{"rendered":"<p><div class=\"fusion-fullwidth fullwidth-box fusion-builder-row-1 nonhundred-percent-fullwidth non-hundred-percent-height-scrolling\" style=\"background-color: no;background-position: left top;background-repeat: no-repeat;padding-top:0px;padding-right:0px;padding-bottom:50px;padding-left:0px;margin-bottom: 0px;margin-top: 0px;border-width: 0px 0px 0px 0px;border-color:#eae9e9;border-style:solid;\" ><div class=\"fusion-builder-row fusion-row\"><div class=\"fusion-layout-column fusion_builder_column fusion-builder-column-0 fusion_builder_column_2_3 2_3 fusion-two-third fusion-column-first\" style=\"width:65.3333%; margin-right: 4%;margin-top:0px;margin-bottom:20px;\"><div class=\"fusion-column-wrapper fusion-flex-column-wrapper-legacy\" style=\"background-position:left top;background-repeat:no-repeat;-webkit-background-size:cover;-moz-background-size:cover;-o-background-size:cover;background-size:cover;padding: 0px 0px 0px 0px;\"><style type=\"text\/css\"><\/style><div class=\"fusion-title title fusion-title-1 fusion-sep-none fusion-title-text fusion-title-size-one\" style=\"margin-top:0px;margin-right:0px;margin-bottom:31px;margin-left:0px;\"><h1 class=\"title-heading-left\" style=\"margin:0;\">NICE et toi \u2013 Le match parfait pour une exp\u00e9rience inoubliable<\/h1><\/div><div class=\"fusion-text fusion-text-1\"><p>NICE (Network for InterCultural Experiences) est une fondation germano-argentine, qui se consacre \u00e0 l&rsquo;\u00e9change \u00e9ducatif et culturel. Notre travail consiste \u00e0 organiser des <a href=\"http:\/\/nice-network.org\/fr\/stage-amerique-du-sud\/\">stages,<\/a>\u00a0des\u00a0<a href=\"http:\/\/nice-network.org\/fr\/volontariat-amerique-du-sud\/\">volontariats<\/a>\u00a0et des cours d&rsquo;<a href=\"http:\/\/nice-network.org\/fr\/coursdespagnol-amerique-du-sud\/\">espagnol<\/a> en <a href=\"http:\/\/nice-network.org\/fr\/argentine-amerique-du-sud\/\">Argentine<\/a> pour les \u00e9trangers qui cherchent \u00e0 d\u00e9couvrir, vivre et apprendre dans ce pays sud-am\u00e9ricain.<\/p>\n<p><strong>Comment tout a commenc\u00e9 :<br \/>\n<\/strong>L&rsquo;organisation a \u00e9t\u00e9 fond\u00e9e en 2004 en Allemagne et a commenc\u00e9 ses travaux en <a href=\"http:\/\/nice-network.org\/fr\/argentine-amerique-du-sud\/\">Argentine<\/a> en 2005, en mettant l&rsquo;accent sur l&rsquo;organisation de <a href=\"http:\/\/nice-network.org\/fr\/stage-amerique-du-sud\/\">stages<\/a> argentins de haute qualit\u00e9. En 2007, nous avons d\u00e9velopp\u00e9 notre propre programme de langue unique pour aider nos \u00e9l\u00e8ves \u00e0 apprendre plus vite. Aujourd&rsquo;hui, ce programme est connu pour son excellente qualit\u00e9 de nos \u00e9tudiants espagnols.<\/p>\n<p><strong>Notre exp\u00e9rience :<br \/>\n<\/strong>Pendant les ann\u00e9es, nous avons pu accompagner des centaines de participants \u00e0 travers le processus difficile de s&rsquo;int\u00e9grer dans une nouvelle culture et de comprendre les codes culturels \u00e9trangers. Nous avons consult\u00e9 les entreprises et les institutions locales afin de faire la rencontre interculturelle lors d&rsquo;un <a href=\"http:\/\/nice-network.org\/fr\/stage-amerique-du-sud\/\">stage<\/a> ou du <a href=\"http:\/\/nice-network.org\/fr\/volontariat-amerique-du-sud\/\">b\u00e9n\u00e9volat<\/a> le plus b\u00e9n\u00e9fique pour les deux parties &#8211; g\u00e9n\u00e9rant toujours un plus dans la comp\u00e9tence interculturelle.<\/p>\n<p><strong>Nos institutions de stages et de volontariats :<br \/>\n<\/strong>Au cours des quinze derni\u00e8res ann\u00e9es, nous avons gagn\u00e9 la confiance d&rsquo;un large \u00e9ventail d&rsquo;entreprises et d&rsquo;institutions ainsi que des entit\u00e9s gouvernementales en <a href=\"http:\/\/nice-network.org\/fr\/argentine-amerique-du-sud\/\">Argentine<\/a>.<br \/>\nDepuis le d\u00e9but, notre travail a \u00e9t\u00e9 caract\u00e9ris\u00e9 par la poursuite de la satisfaction de la client\u00e8le et les relations personnelles avec eux, ainsi que la passion de croire en ce que nous faisons le mieux: \u00e9largir les horizons du monde.<\/p>\n<p><strong>Comme vous pouvez voir : la satisfaction de nos clients se trouve en premier lieu !<br \/>\n<\/strong>Donc, vous cherchez une exp\u00e9rience interculturelle authentique? Avec NICE, vous pourrez non seulement d\u00e9couvrir une nouvelle culture et, apprendre une nouvelle langue, mais aussi vivre une exp\u00e9rience de vie &#8211; sachant que votre aventure est en de bonnes mains!<\/p>\n<\/div><div class=\"fusion-clearfix\"><\/div><\/div><\/div><div class=\"fusion-layout-column fusion_builder_column fusion-builder-column-1 fusion_builder_column_1_3 1_3 fusion-one-third fusion-column-last\" style=\"width:30.6666%;margin-top:0px;margin-bottom:20px;\"><div class=\"fusion-column-wrapper fusion-flex-column-wrapper-legacy\" style=\"background-position:left top;background-repeat:no-repeat;-webkit-background-size:cover;-moz-background-size:cover;-o-background-size:cover;background-size:cover;padding: 0px 0px 0px 0px;\"><style type=\"text\/css\"><\/style><div class=\"fusion-title title fusion-title-2 fusion-sep-none fusion-title-text fusion-title-size-two\" style=\"margin-top:0px;margin-right:0px;margin-bottom:31px;margin-left:0px;\"><h2 class=\"title-heading-left\" style=\"margin:0;\">Notre si\u00e8ge<\/h2><\/div>[fusion_map address=\u00a0\u00bbMariano Moreno 189, C\u00f3rdoba, Argentina\u00a0\u00bb type=\u00a0\u00bbroadmap\u00a0\u00bb map_style=\u00a0\u00bbdefault\u00a0\u00bb infobox=\u00a0\u00bbdefault\u00a0\u00bb width=\u00a0\u00bb100%\u00a0\u00bb height=\u00a0\u00bb300px\u00a0\u00bb zoom=\u00a0\u00bb14&Prime; scrollwheel=\u00a0\u00bbyes\u00a0\u00bb scale=\u00a0\u00bbno\u00a0\u00bb zoom_pancontrol=\u00a0\u00bbno\u00a0\u00bb animation=\u00a0\u00bbyes\u00a0\u00bb popup=\u00a0\u00bbyes\u00a0\u00bb \/]<div class=\"fusion-sep-clear\"><\/div><div class=\"fusion-separator fusion-full-width-sep\" style=\"margin-left: auto;margin-right: auto;margin-top:30px;width:100%;\"><\/div><div class=\"fusion-sep-clear\"><\/div><div class=\"fusion-text fusion-text-2\"><p><strong><span style=\"color: #000000;\">NICE en Argentine<\/span><br \/>\n<\/strong><strong>Adresse:<\/strong><br \/>\nMariano Moreno 189, PB A<br \/>\n5000 C\u00f3rdoba, Argentine<br \/>\n<strong>Num\u00e9ro de t\u00e9l\u00e9phone:<\/strong><br \/>\n+54 &#8211; (0)351 &#8211; 4076198<br \/>\n<strong>Horaires:<\/strong><br \/>\nLundi-Vendredi: 9.00h \u2013 17.00h (ARG)<\/p>\n<p><strong><span style=\"color: #000000;\">NICE en Allemagne<\/span><br \/>\n<\/strong><strong>Adresse:<\/strong><br \/>\nTorstr. 20<br \/>\n10119 Berlin, Allemagne<br \/>\n<strong>Num\u00e9ro de t\u00e9l\u00e9phone:<\/strong><br \/>\n+49 &#8211; (0)30 \u2013 66406841<br \/>\n<strong>Horaires:<\/strong><br \/>\nLundi-Vendredi: 10.00h \u2013 17.00h (MEZ)<\/p>\n<p><span style=\"color: #000000;\"><strong>E-mail:<\/strong><\/span><br \/>\ninfo@nice-network.org<\/p>\n<\/div><div class=\"fusion-clearfix\"><\/div><\/div><\/div><\/div><\/div><div class=\"fusion-fullwidth fullwidth-box fusion-builder-row-2 nonhundred-percent-fullwidth non-hundred-percent-height-scrolling\" style=\"background-color: no;background-position: left top;background-repeat: no-repeat;padding-top:0px;padding-right:0px;padding-bottom:50px;padding-left:0px;margin-bottom: 0px;margin-top: 0px;border-width: 0px 0px 0px 0px;border-color:#eae9e9;border-style:solid;\" ><div class=\"fusion-builder-row fusion-row\"><div class=\"fusion-layout-column fusion_builder_column fusion-builder-column-2 fusion_builder_column_1_1 1_1 fusion-one-full fusion-column-first fusion-column-last fusion-column-no-min-height\" style=\"margin-top:0px;margin-bottom:0px;\"><div class=\"fusion-column-wrapper fusion-flex-column-wrapper-legacy\" style=\"background-position:left top;background-repeat:no-repeat;-webkit-background-size:cover;-moz-background-size:cover;-o-background-size:cover;background-size:cover;padding: 0px 0px 0px 0px;\"><div class=\"fusion-text fusion-text-3\"><h2 style=\"text-align: center;\">Voulez-vous en savoir plus sur nous? Apprenez \u00e0 nous conna\u00eetre!<\/h2>\n<\/div><div class=\"fusion-clearfix\"><\/div><\/div><\/div><div class=\"fusion-layout-column fusion_builder_column fusion-builder-column-3 fusion_builder_column_1_1 1_1 fusion-one-full fusion-column-first fusion-column-last fusion-column-no-min-height\" style=\"margin-top:0px;margin-bottom:0px;\"><div class=\"fusion-column-wrapper fusion-flex-column-wrapper-legacy\" style=\"background-position:left top;background-repeat:no-repeat;-webkit-background-size:cover;-moz-background-size:cover;-o-background-size:cover;background-size:cover;padding: 0px 0px 0px 0px;\"><div class=\"fusion-flip-boxes flip-boxes row fusion-columns-3 flip-effect-classic\"><div class=\"fusion-flip-box-wrapper fusion-column col-lg-4 col-md-4 col-sm-4\"><div class=\"fusion-flip-box flip-right\" tabindex=\"0\"><div class=\"flip-box-inner-wrapper\"><div class=\"flip-box-front\" style=\"background-color:rgba(255,255,255,0.75);border-color:rgba(255,255,255,0);border-radius:4px;border-style:solid;border-width:0px;color:#286270;transition-duration:0.4s;\"><div class=\"flip-box-front-inner\"><div class=\"flip-box-grafix flip-box-image\"><img decoding=\"async\" src=\"http:\/\/nice-network.org\/wp-content\/uploads\/2015\/01\/Diego.png\" width=\"376656\" height=\"376656\" alt=\"\" \/><\/div><h2 class=\"flip-box-heading without-text\" style=\"color:#286270;\">Diego<\/h2><\/div><\/div><div class=\"flip-box-back\" style=\"background-color:#ff8a00;border-color:rgba(255,255,255,0);border-radius:4px;border-style:solid;border-width:0px;color:#ffffff;transition-duration:0.4s;\"><div class=\"flip-box-back-inner\">\n<p>Co-fondateur de NICE en 2004 &#8211; Argentin &#8211; a \u00e9tudi\u00e9 l\u2019histoire &#8211; a commenc\u00e9 \u00e0 travailler en relations publiques \u2013 a r\u00e9sid\u00e9 pendant trois ans en Allemagne &#8211; aime le folklore argentin &amp; visiter le nord du pays.<\/p>\n<\/div><\/div><\/div><\/div><\/div><div class=\"fusion-flip-box-wrapper fusion-column col-lg-4 col-md-4 col-sm-4\"><div class=\"fusion-flip-box flip-right\" tabindex=\"0\"><div class=\"flip-box-inner-wrapper\"><div class=\"flip-box-front\" style=\"background-color:rgba(255,255,255,0.75);border-color:rgba(255,255,255,0);border-radius:4px;border-style:solid;border-width:0px;color:#286270;transition-duration:0.4s;\"><div class=\"flip-box-front-inner\"><div class=\"flip-box-grafix flip-box-image\"><img decoding=\"async\" src=\"http:\/\/nice-network.org\/wp-content\/uploads\/2015\/01\/Claudia.png\" width=\"350\" height=\"350\" alt=\"\" \/><\/div><h2 class=\"flip-box-heading without-text\" style=\"color:#286270;\">Claudia<\/h2><\/div><\/div><div class=\"flip-box-back\" style=\"background-color:#ff8a00;border-color:rgba(255,255,255,0);border-radius:4px;border-style:solid;border-width:0px;color:#ffffff;transition-duration:0.4s;\"><div class=\"flip-box-back-inner\">\n<p>Co-fondatrice de NICE en 2004 &#8211; Allemande &#8211; vit \u00e0 Berlin &#8211; Master en gestion d\u2019entreprise de TU Dresden &amp; en Su\u00e8de &#8211; a travaill\u00e9 pendant 6 ans en Argentine &#8211; aime faire de la randonn\u00e9e en Patagonie.<\/p>\n<\/div><\/div><\/div><\/div><\/div><div class=\"fusion-flip-box-wrapper fusion-column col-lg-4 col-md-4 col-sm-4\"><div class=\"fusion-flip-box flip-right\" tabindex=\"0\"><div class=\"flip-box-inner-wrapper\"><div class=\"flip-box-front\" style=\"background-color:rgba(255,255,255,0.75);border-color:rgba(255,255,255,0);border-radius:4px;border-style:solid;border-width:0px;color:#286270;transition-duration:0.4s;\"><div class=\"flip-box-front-inner\"><div class=\"flip-box-grafix flip-box-image\"><img decoding=\"async\" src=\"http:\/\/nice-network.org\/wp-content\/uploads\/2019\/12\/DSC_0446.33.jpg\" width=\"350\" height=\"350\" alt=\"\" \/><\/div><h2 class=\"flip-box-heading without-text\" style=\"color:#286270;\">Lorena Cioccolanti<\/h2><\/div><\/div><div class=\"flip-box-back\" style=\"background-color:#ff8a00;border-color:rgba(255,255,255,0);border-radius:4px;border-style:solid;border-width:0px;color:#ffffff;transition-duration:0.4s;\"><div class=\"flip-box-back-inner\">\n<p>Fondatrice de l&rsquo;\u00e9cole de langues de C\u00f3rdoba &#8211; Argentine &#8211; A \u00e9tudi\u00e9 communication sociale et publicit\u00e9 &#8211; A habit\u00e9 une ann\u00e9e aux Etats-Unis et plus de 10 ans en Espagne &#8211; \u00catre professeur d&rsquo;espagnol est sa grande passion<\/p>\n<\/div><\/div><\/div><\/div><\/div><div class=\"fusion-flip-box-wrapper fusion-column col-lg-4 col-md-4 col-sm-4\"><div class=\"fusion-flip-box flip-right\" tabindex=\"0\"><div class=\"flip-box-inner-wrapper\"><div class=\"flip-box-front\" style=\"background-color:rgba(255,255,255,0.75);border-color:rgba(255,255,255,0);border-radius:4px;border-style:solid;border-width:0px;color:#286270;transition-duration:0.4s;\"><div class=\"flip-box-front-inner\"><div class=\"flip-box-grafix flip-box-image\"><img decoding=\"async\" src=\"http:\/\/nice-network.org\/wp-content\/uploads\/2019\/12\/IMG_20191205_162904_2.33.jpg\" width=\"350\" height=\"350\" alt=\"\" \/><\/div><h2 class=\"flip-box-heading without-text\" style=\"color:#286270;\">Emilia Mur\u00faa<\/h2><\/div><\/div><div class=\"flip-box-back\" style=\"background-color:#ff8a00;border-color:rgba(255,255,255,0);border-radius:4px;border-style:solid;border-width:0px;color:#ffffff;transition-duration:0.4s;\"><div class=\"flip-box-back-inner\">\n<p>Professeur d&rsquo;espagnol dans notre \u00e9cole de langues depuis 2016 &#8211; argentine &#8211; traductrice et professeure d&rsquo;espagnol et d&rsquo;anglais &#8211; elle aime que les \u00e9tudiants puissent d\u00e9couvrir la culture argentine et qu&rsquo;elle apprenne \u00e0 conna\u00eetre les diff\u00e9rentes cultures &#8211; elle aime lire<\/p>\n<\/div><\/div><\/div><\/div><\/div><div class=\"fusion-flip-box-wrapper fusion-column col-lg-4 col-md-4 col-sm-4\"><div class=\"fusion-flip-box flip-right\" tabindex=\"0\"><div class=\"flip-box-inner-wrapper\"><div class=\"flip-box-front\" style=\"background-color:rgba(255,255,255,0.75);border-color:rgba(255,255,255,0);border-radius:4px;border-style:solid;border-width:0px;color:#286270;transition-duration:0.4s;\"><div class=\"flip-box-front-inner\"><div class=\"flip-box-grafix flip-box-image\"><img decoding=\"async\" src=\"http:\/\/nice-network.org\/wp-content\/uploads\/2020\/02\/3.jpg\" width=\"350\" height=\"350\" alt=\"\" \/><\/div><h2 class=\"flip-box-heading without-text\" style=\"color:#286270;\">Agustina Ferrero<\/h2><\/div><\/div><div class=\"flip-box-back\" style=\"background-color:#ff8a00;border-color:rgba(255,255,255,0);border-radius:4px;border-style:solid;border-width:0px;color:#ffffff;transition-duration:0.4s;\"><div class=\"flip-box-back-inner\">\n<p>Assistante et secr\u00e9taire de l&rsquo;\u00e9cole de langues &#8211; argentine &#8211; a \u00e9tudi\u00e9 relations internationales &#8211; a pass\u00e9 six mois \u00e0 Cali, en Colombie &#8211; parle espagnol et anglais &#8211; est professeure d&rsquo;espagnol &#8211; aime voyager<\/p>\n<\/div><\/div><\/div><\/div><\/div><div class=\"fusion-flip-box-wrapper fusion-column col-lg-4 col-md-4 col-sm-4\"><div class=\"fusion-flip-box flip-right\" tabindex=\"0\"><div class=\"flip-box-inner-wrapper\"><div class=\"flip-box-front\" style=\"background-color:rgba(255,255,255,0.75);border-color:rgba(255,255,255,0);border-radius:4px;border-style:solid;border-width:0px;color:#286270;transition-duration:0.4s;\"><div class=\"flip-box-front-inner\"><div class=\"flip-box-grafix flip-box-image\"><img decoding=\"async\" src=\"http:\/\/nice-network.org\/wp-content\/uploads\/2020\/03\/Luzie-347-227.jpg\" width=\"350\" height=\"228.96\" alt=\"Praktikum im Ausland - Luzie\" \/><\/div><h2 class=\"flip-box-heading without-text\" style=\"color:#286270;\">Luzie Creutzburg<\/h2><\/div><\/div><div class=\"flip-box-back\" style=\"background-color:#ff8a00;border-color:rgba(255,255,255,0);border-radius:4px;border-style:solid;border-width:0px;color:#ffffff;transition-duration:0.4s;\"><div class=\"flip-box-back-inner\">\n<p>Stagiaire de NICE \u2013 Allemande \u2013 Administration des entreprises \u2013 stage de six mois dans le domaine du marketing et de l\u2019assistance \u00e0 la client\u00e8le \u2013 aime apprendre \u00e0 conna\u00eetre de nouvelles personnes, de nouveaux modes de vie et de nouvelles cultures<\/p>\n<\/div><\/div><\/div><\/div><\/div><\/div><div class=\"clearfix\"><\/div><div class=\"fusion-clearfix\"><\/div><\/div><\/div><\/div><\/div><\/p>\n","protected":false},"excerpt":{"rendered":"","protected":false},"author":5,"featured_media":0,"parent":0,"menu_order":0,"comment_status":"open","ping_status":"open","template":"","meta":{"footnotes":""},"_links":{"self":[{"href":"https:\/\/nice-network.org\/fr\/wp-json\/wp\/v2\/pages\/2998"}],"collection":[{"href":"https:\/\/nice-network.org\/fr\/wp-json\/wp\/v2\/pages"}],"about":[{"href":"https:\/\/nice-network.org\/fr\/wp-json\/wp\/v2\/types\/page"}],"author":[{"embeddable":true,"href":"https:\/\/nice-network.org\/fr\/wp-json\/wp\/v2\/users\/5"}],"replies":[{"embeddable":true,"href":"https:\/\/nice-network.org\/fr\/wp-json\/wp\/v2\/comments?post=2998"}],"version-history":[{"count":12,"href":"https:\/\/nice-network.org\/fr\/wp-json\/wp\/v2\/pages\/2998\/revisions"}],"predecessor-version":[{"id":20868,"href":"https:\/\/nice-network.org\/fr\/wp-json\/wp\/v2\/pages\/2998\/revisions\/20868"}],"wp:attachment":[{"href":"https:\/\/nice-network.org\/fr\/wp-json\/wp\/v2\/media?parent=2998"}],"curies":[{"name":"wp","href":"https:\/\/api.w.org\/{rel}","templated":true}]}}