{"id":3012,"date":"2015-01-14T15:12:58","date_gmt":"2015-01-14T15:12:58","guid":{"rendered":"http:\/\/nice-network.org\/?page_id=3012"},"modified":"2020-04-24T14:35:19","modified_gmt":"2020-04-24T14:35:19","slug":"argentine-amerique-du-sud","status":"publish","type":"page","link":"https:\/\/nice-network.org\/fr\/argentine-amerique-du-sud\/","title":{"rendered":"Argentine &#8211; Aper\u00e7u"},"content":{"rendered":"<p><div class=\"fusion-fullwidth fullwidth-box fusion-builder-row-1 nonhundred-percent-fullwidth non-hundred-percent-height-scrolling\" style=\"background-color: no;background-position: left top;background-repeat: no-repeat;padding-top:0px;padding-right:0px;padding-bottom:50px;padding-left:0px;margin-bottom: 0px;margin-top: 0px;border-width: 0px 0px 0px 0px;border-color:#eae9e9;border-style:solid;\" ><div class=\"fusion-builder-row fusion-row\"><div class=\"fusion-layout-column fusion_builder_column fusion-builder-column-0 fusion_builder_column_2_3 2_3 fusion-two-third fusion-column-first\" style=\"width:65.3333%; margin-right: 4%;margin-top:0px;margin-bottom:20px;\"><div class=\"fusion-column-wrapper fusion-flex-column-wrapper-legacy\" style=\"background-position:left top;background-repeat:no-repeat;-webkit-background-size:cover;-moz-background-size:cover;-o-background-size:cover;background-size:cover;padding: 0px 0px 0px 0px;\"><style type=\"text\/css\"><\/style><div class=\"fusion-title title fusion-title-1 fusion-sep-none fusion-title-text fusion-title-size-one\" style=\"margin-top:0px;margin-right:0px;margin-bottom:31px;margin-left:0px;\"><h1 class=\"title-heading-left\" style=\"margin:0;\">L&rsquo;envie de voyages ? Venez \u00e0 l\u2019Am\u00e9rique du Sud !<\/h1><\/div><div class=\"fusion-text fusion-text-1\"><p>L\u2019Argentine est l&rsquo;un des pays les plus fascinants du monde. Vous serez fascin\u00e9 non seulement par ses paysages incroyables tels que des glaciers, des cascades et des d\u00e9serts, mais aussi par l&rsquo;hospitalit\u00e9 argentine immense et par la mode de vie des Argentins.<br \/>\nIci, vous trouverez tout ce que les gens aiment de l&rsquo;Am\u00e9rique du Sud &#8211; l&rsquo;Argentine est marqu\u00e9 de son influence europ\u00e9enne tout en maintenant l&rsquo;ambiance latine.<br \/>\nComme les disparit\u00e9s sociales sont moins graves que dans les pays voisins, vous allez certainement vous sentir \u00e0 l&rsquo;aise m\u00eame lorsque vous voyagez seul.<br \/>\nBref, c&rsquo;est l&rsquo;endroit id\u00e9al pour faire un <a href=\"http:\/\/nice-network.org\/fr\/stage-amerique-du-sud\/\">stage<\/a> ou un <a href=\"http:\/\/nice-network.org\/fr\/volontariat-amerique-du-sud\/\">volontariat<\/a>, pour apprendre l&rsquo;<a href=\"http:\/\/nice-network.org\/fr\/coursdespagnol-amerique-du-sud\/\">espagnol<\/a> et pour vivre une exp\u00e9rience inoubliable \u00e0 l&rsquo;\u00e9tranger !<\/p>\n<\/div><div class=\"fusion-clearfix\"><\/div><\/div><\/div><div class=\"fusion-layout-column fusion_builder_column fusion-builder-column-1 fusion_builder_column_1_3 1_3 fusion-one-third fusion-column-last\" style=\"width:30.6666%;margin-top:0px;margin-bottom:20px;\"><div class=\"fusion-column-wrapper fusion-flex-column-wrapper-legacy\" style=\"background-position:left top;background-repeat:no-repeat;-webkit-background-size:cover;-moz-background-size:cover;-o-background-size:cover;background-size:cover;padding: 0px 0px 0px 0px;\"><style type=\"text\/css\"><\/style><div class=\"fusion-title title fusion-title-2 fusion-sep-none fusion-title-text fusion-title-size-two\" style=\"margin-top:0px;margin-right:0px;margin-bottom:31px;margin-left:0px;\"><h2 class=\"title-heading-left\" style=\"margin:0;\">Faits en bref<\/h2><\/div><ul class=\"fusion-checklist fusion-checklist-1\" style=\"font-size:13px;line-height:22.1px;\"><li class=\"fusion-li-item\"><span style=\"background-color:#ff8a00;font-size:11.44px;height:22.1px;width:22.1px;margin-right:9.1px;\" class=\"icon-wrapper circle-yes\"><i class=\"fusion-li-icon fa fa-check\" style=\"color:#ffffff;\" aria-hidden=\"true\"><\/i><\/span><div class=\"fusion-li-item-content\" style=\"margin-left:31.2px;\">Population : 40,5 millions<\/div><\/li><li class=\"fusion-li-item\"><span style=\"background-color:#ff8a00;font-size:11.44px;height:22.1px;width:22.1px;margin-right:9.1px;\" class=\"icon-wrapper circle-yes\"><i class=\"fusion-li-icon fa fa-check\" style=\"color:#ffffff;\" aria-hidden=\"true\"><\/i><\/span><div class=\"fusion-li-item-content\" style=\"margin-left:31.2px;\">Monnaie : Peso argentin (ARS)<\/div><\/li><li class=\"fusion-li-item\"><span style=\"background-color:#ff8a00;font-size:11.44px;height:22.1px;width:22.1px;margin-right:9.1px;\" class=\"icon-wrapper circle-yes\"><i class=\"fusion-li-icon fa fa-check\" style=\"color:#ffffff;\" aria-hidden=\"true\"><\/i><\/span><div class=\"fusion-li-item-content\" style=\"margin-left:31.2px;\">Style de vie : extroverti et sociable, accueillant et ouvert, serviable, chaleureux et g\u00e9n\u00e9reux<\/div><\/li><li class=\"fusion-li-item\"><span style=\"background-color:#ff8a00;font-size:11.44px;height:22.1px;width:22.1px;margin-right:9.1px;\" class=\"icon-wrapper circle-yes\"><i class=\"fusion-li-icon fa fa-check\" style=\"color:#ffffff;\" aria-hidden=\"true\"><\/i><\/span><div class=\"fusion-li-item-content\" style=\"margin-left:31.2px;\">Pays : Population avec de fortes racines europ\u00e9ennes. \u00c9conomie en d\u00e9veloppement avec un bon syst\u00e8me \u00e9ducatif et donc l&rsquo;un des pays les plus s\u00fbrs en Am\u00e9rique du Sud.<\/div><\/li><\/ul><div class=\"fusion-clearfix\"><\/div><\/div><\/div><\/div><\/div><div class=\"fusion-fullwidth fullwidth-box fusion-builder-row-2 nonhundred-percent-fullwidth non-hundred-percent-height-scrolling\" style=\"background-color: no;background-position: left top;background-repeat: no-repeat;padding-top:0px;padding-right:0px;padding-bottom:50px;padding-left:0px;margin-bottom: 0px;margin-top: 0px;border-width: 0px 0px 0px 0px;border-color:#eae9e9;border-style:solid;\" ><div class=\"fusion-builder-row fusion-row\"><div class=\"fusion-layout-column fusion_builder_column fusion-builder-column-2 fusion_builder_column_1_3 1_3 fusion-one-third fusion-column-first\" style=\"width:30.6666%; margin-right: 4%;margin-top:0px;margin-bottom:20px;\"><div class=\"fusion-column-wrapper fusion-flex-column-wrapper-legacy\" style=\"background-position:left top;background-repeat:no-repeat;-webkit-background-size:cover;-moz-background-size:cover;-o-background-size:cover;background-size:cover;padding: 0px 0px 0px 0px;\"><div class=\"fusion-text fusion-text-2\"><p><a href=\"http:\/\/nice-network.org\/fr\/argentine-voyages\/\"><img decoding=\"async\" class=\"aligncenter wp-image-4104 size-full\" title=\"Attractions en Argentine et en Am\u00e9rique du Sud\" src=\"http:\/\/nice-network.org\/wp-content\/uploads\/2015\/01\/Highlights-FR.png\" alt=\"Attractions touristiques pour des voyages en Argentine et en Am\u00e9rique du Sud\" width=\"347\" height=\"380\" srcset=\"https:\/\/nice-network.org\/wp-content\/uploads\/2015\/01\/Highlights-FR-274x300.png 274w, https:\/\/nice-network.org\/wp-content\/uploads\/2015\/01\/Highlights-FR.png 347w\" sizes=\"(max-width: 347px) 100vw, 347px\" \/><\/a><\/p>\n<\/div><div class=\"fusion-clearfix\"><\/div><\/div><\/div><div class=\"fusion-layout-column fusion_builder_column fusion-builder-column-3 fusion_builder_column_1_3 1_3 fusion-one-third\" style=\"width:30.6666%; margin-right: 4%;margin-top:0px;margin-bottom:20px;\"><div class=\"fusion-column-wrapper fusion-flex-column-wrapper-legacy\" style=\"background-position:left top;background-repeat:no-repeat;-webkit-background-size:cover;-moz-background-size:cover;-o-background-size:cover;background-size:cover;padding: 0px 0px 0px 0px;\"><div class=\"fusion-text fusion-text-3\"><p><a href=\"http:\/\/nice-network.org\/fr\/coursdespagnol-ateliers\/\"><img decoding=\"async\" class=\"aligncenter wp-image-4110 size-full\" title=\"Atelier d'espagnol\" src=\"http:\/\/nice-network.org\/wp-content\/uploads\/2015\/01\/Workshops-FR.png\" alt=\"Atelier d'espagnol: decouvrir la culture de l'Argentine\" width=\"347\" height=\"380\" srcset=\"https:\/\/nice-network.org\/wp-content\/uploads\/2015\/01\/Workshops-FR-274x300.png 274w, https:\/\/nice-network.org\/wp-content\/uploads\/2015\/01\/Workshops-FR.png 347w\" sizes=\"(max-width: 347px) 100vw, 347px\" \/><\/a><\/p>\n<\/div><div class=\"fusion-clearfix\"><\/div><\/div><\/div><div class=\"fusion-layout-column fusion_builder_column fusion-builder-column-4 fusion_builder_column_1_3 1_3 fusion-one-third fusion-column-last\" style=\"width:30.6666%;margin-top:0px;margin-bottom:20px;\"><div class=\"fusion-column-wrapper fusion-flex-column-wrapper-legacy\" style=\"background-position:left top;background-repeat:no-repeat;-webkit-background-size:cover;-moz-background-size:cover;-o-background-size:cover;background-size:cover;padding: 0px 0px 0px 0px;\"><div class=\"fusion-text fusion-text-4\"><p><a href=\"http:\/\/nice-network.org\/fr\/rapports\/\"><img decoding=\"async\" class=\"aligncenter wp-image-4105 size-full\" title=\"Rapport d'exp\u00e9riences de Melanie\" src=\"http:\/\/nice-network.org\/wp-content\/uploads\/2015\/01\/Argentina-Melanie-FR.png\" alt=\"Rapport d'exp\u00e9riences de Melanie concernant son stage en Argentine\" width=\"347\" height=\"380\" srcset=\"https:\/\/nice-network.org\/wp-content\/uploads\/2015\/01\/Argentina-Melanie-FR-274x300.png 274w, https:\/\/nice-network.org\/wp-content\/uploads\/2015\/01\/Argentina-Melanie-FR.png 347w\" sizes=\"(max-width: 347px) 100vw, 347px\" \/><\/a><\/p>\n<\/div><div class=\"fusion-clearfix\"><\/div><\/div><\/div><\/div><\/div><div class=\"fusion-fullwidth fullwidth-box fusion-builder-row-3 nonhundred-percent-fullwidth non-hundred-percent-height-scrolling\" style=\"background-color: no;background-position: left top;background-repeat: no-repeat;padding-top:0px;padding-right:0px;padding-bottom:50px;padding-left:0px;margin-bottom: 0px;margin-top: 0px;border-width: 0px 0px 0px 0px;border-color:#eae9e9;border-style:solid;\" ><div class=\"fusion-builder-row fusion-row\"><div class=\"fusion-layout-column fusion_builder_column fusion-builder-column-5 fusion_builder_column_1_1 1_1 fusion-one-full fusion-column-first fusion-column-last\" style=\"margin-top:0px;margin-bottom:20px;\"><div class=\"fusion-column-wrapper fusion-flex-column-wrapper-legacy\" style=\"background-position:left top;background-repeat:no-repeat;-webkit-background-size:cover;-moz-background-size:cover;-o-background-size:cover;background-size:cover;padding: 0px 0px 0px 0px;\"><style type=\"text\/css\"><\/style><div class=\"fusion-title title fusion-title-3 fusion-sep-none fusion-title-text fusion-title-size-three\" style=\"margin-top:0px;margin-right:0px;margin-bottom:31px;margin-left:0px;\"><h3 class=\"title-heading-left\" style=\"margin:0;\">D\u00e9couvrez plus de ce pays magnifique !<\/h3><\/div><div class=\"fusion-clearfix\"><\/div><\/div><\/div><div class=\"fusion-layout-column fusion_builder_column fusion-builder-column-6 fusion_builder_column_2_3 2_3 fusion-two-third fusion-column-first\" style=\"width:65.3333%; margin-right: 4%;margin-top:0px;margin-bottom:20px;\"><div class=\"fusion-column-wrapper fusion-flex-column-wrapper-legacy\" style=\"background-position:left top;background-repeat:no-repeat;-webkit-background-size:cover;-moz-background-size:cover;-o-background-size:cover;background-size:cover;padding: 0px 0px 0px 0px;\"><div class=\"fusion-tabs fusion-tabs-1 classic horizontal-tabs icon-position-left\"><style type=\"text\/css\">.fusion-tabs.fusion-tabs-1 .nav-tabs li a.tab-link{border-top-color:#ebeaea;background-color:#ebeaea;}.fusion-tabs.fusion-tabs-1 .nav-tabs{background-color:#ffffff;}.fusion-tabs.fusion-tabs-1 .nav-tabs li.active a.tab-link,.fusion-tabs.fusion-tabs-1 .nav-tabs li.active a.tab-link:hover,.fusion-tabs.fusion-tabs-1 .nav-tabs li.active a.tab-link:focus{border-right-color:#ffffff;}.fusion-tabs.fusion-tabs-1 .nav-tabs li.active a.tab-link,.fusion-tabs.fusion-tabs-1 .nav-tabs li.active a.tab-link:hover,.fusion-tabs.fusion-tabs-1 .nav-tabs li.active a.tab-link:focus{background-color:#ffffff;}.fusion-tabs.fusion-tabs-1 .nav-tabs li a:hover{background-color:#ffffff;border-top-color:#ffffff;}.fusion-tabs.fusion-tabs-1 .tab-pane{background-color:#ffffff;}.fusion-tabs.fusion-tabs-1 .nav,.fusion-tabs.fusion-tabs-1 .nav-tabs,.fusion-tabs.fusion-tabs-1 .tab-content .tab-pane{border-color:#ebeaea;}<\/style><div class=\"nav\"><ul class=\"nav-tabs nav-justified\" role=\"tablist\"><li class=\"active\"><a class=\"tab-link\" data-toggle=\"tab\" role=\"tab\" aria-controls=\"tab-8dec6683b6bd93de1c3\" aria-selected=\"true\" id=\"fusion-tab-culture\" href=\"#tab-8dec6683b6bd93de1c3\"><h4 class=\"fusion-tab-heading\">Culture<\/h4><\/a><\/li><li><a class=\"tab-link\" data-toggle=\"tab\" role=\"tab\" aria-controls=\"tab-c54d602c55149fe065f\" aria-selected=\"false\" tabindex=\"-1\" id=\"fusion-tab-paysage\" href=\"#tab-c54d602c55149fe065f\"><h4 class=\"fusion-tab-heading\">Paysage<\/h4><\/a><\/li><li><a class=\"tab-link\" data-toggle=\"tab\" role=\"tab\" aria-controls=\"tab-c9131ced016607014ab\" aria-selected=\"false\" tabindex=\"-1\" id=\"fusion-tab-musique\" href=\"#tab-c9131ced016607014ab\"><h4 class=\"fusion-tab-heading\">Musique<\/h4><\/a><\/li><li><a class=\"tab-link\" data-toggle=\"tab\" role=\"tab\" aria-controls=\"tab-3c90aa46594a822cf3e\" aria-selected=\"false\" tabindex=\"-1\" id=\"fusion-tab-cuisine\" href=\"#tab-3c90aa46594a822cf3e\"><h4 class=\"fusion-tab-heading\">Cuisine<\/h4><\/a><\/li><li><a class=\"tab-link\" data-toggle=\"tab\" role=\"tab\" aria-controls=\"tab-f661d55659bb2103158\" aria-selected=\"false\" tabindex=\"-1\" id=\"fusion-tab-economie\" href=\"#tab-f661d55659bb2103158\"><h4 class=\"fusion-tab-heading\">Economie<\/h4><\/a><\/li><li><a class=\"tab-link\" data-toggle=\"tab\" role=\"tab\" aria-controls=\"tab-60cee06325079e56930\" aria-selected=\"false\" tabindex=\"-1\" id=\"fusion-tab-c\u00e9l\u00e8bres\" href=\"#tab-60cee06325079e56930\"><h4 class=\"fusion-tab-heading\">C\u00e9l\u00e8bres<\/h4><\/a><\/li><\/ul><\/div><div class=\"tab-content\"><div class=\"nav fusion-mobile-tab-nav\"><ul class=\"nav-tabs nav-justified\"><li class=\"active\"><a class=\"tab-link\" data-toggle=\"tab\" role=\"tab\" aria-controls=\"tab-8dec6683b6bd93de1c3\" aria-selected=\"true\" id=\"mobile-fusion-tab-culture\" href=\"#tab-8dec6683b6bd93de1c3\"><h4 class=\"fusion-tab-heading\">Culture<\/h4><\/a><\/li><\/ul><\/div><div class=\"tab-pane fade fusion-clearfix in active\" role=\"tabpanel\" tabindex=\"0\" aria-labelledby=\"fusion-tab-culture\" id=\"tab-8dec6683b6bd93de1c3\">\n<p><strong>Culture &amp; Population : Trouvez la vieille Europe en Argentine !<\/strong><br \/>\nA part des influences indig\u00e8nes, un grand nombre de personnes sont d&rsquo;origine espagnole ou italienne. Cependant, aussi de nombreux Allemands, Fran\u00e7ais, Irlandais, Britanniques, Polonais, Grecs, Turcs, et d&rsquo;autres cultures ont trouv\u00e9 un nouveau foyer en Argentine et contribuent \u00e0 une vari\u00e9t\u00e9 culturelle et essentielle en Argentine. Ce n&rsquo;est pas sans raison que l&rsquo;Argentine est r\u00e9put\u00e9e pour \u00eatre l&rsquo;un des pays les plus europ\u00e9ens en Am\u00e9rique du Sud.<br \/>\nD\u00fb \u00e0 l&rsquo;influence des immigr\u00e9s, vous allez r\u00e9aliser rapidement que c&rsquo;est ce contexte historique qui a form\u00e9 une attitude particuli\u00e8re et un mode de vie sp\u00e9cial : l\u2019hospitalit\u00e9, la g\u00e9n\u00e9rosit\u00e9 et l&rsquo;esprit sociable et chaleureux sont des qualit\u00e9s qui ne passent pas inaper\u00e7us par aucun visiteur de l&rsquo;\u00e9tranger. Contrairement aux airs nostalgiques du tango m\u00e9lancolique, les Argentins sont des gens chaleureux et joyeux. Ils aiment d&rsquo;\u00eatre entour\u00e9s par des invit\u00e9s et par des amis. Ils passent les soir\u00e9es et les week-ends de pr\u00e9f\u00e9rence en c\u00e9l\u00e9brant la vie : Faisant l&rsquo;un des c\u00e9l\u00e8bres \u00ab asados \u00bb (barbecues), \u00e9tant assis avec des amis tout en parlant et en riant, en chantant et en dansant !<\/p>\n<\/div><div class=\"nav fusion-mobile-tab-nav\"><ul class=\"nav-tabs nav-justified\"><li><a class=\"tab-link\" data-toggle=\"tab\" role=\"tab\" aria-controls=\"tab-c54d602c55149fe065f\" aria-selected=\"false\" tabindex=\"-1\" id=\"mobile-fusion-tab-paysage\" href=\"#tab-c54d602c55149fe065f\"><h4 class=\"fusion-tab-heading\">Paysage<\/h4><\/a><\/li><\/ul><\/div><div class=\"tab-pane fade fusion-clearfix\" role=\"tabpanel\" tabindex=\"0\" aria-labelledby=\"fusion-tab-paysage\" id=\"tab-c54d602c55149fe065f\">\n<p><strong>Etes-vous pr\u00eats \u00e0 aller \u00e0 la d\u00e9couverte du deuxi\u00e8me plus grand pays de l\u2019Am\u00e9rique du Sud ?<\/strong><br \/>\nSeuls quelques pays dans le monde offrent une telle large vari\u00e9t\u00e9 de vastes paysages comme vous le rencontrerez en Argentine ! Une vaste \u00e9tendue de 3,700 kilom\u00e8tres s\u00e9pare la ville le plus au nord de l&rsquo;Argentine de la plus m\u00e9ridionale.<br \/>\nComme vous pouvez l&rsquo;imaginer, c&rsquo;est ce qui fournit place pour toutes sortes de diff\u00e9rentes zones de v\u00e9g\u00e9tation et de paysages. La vari\u00e9t\u00e9 pittoresque est \u00e9tonnante ! Il va de for\u00eats tropicales dans le Nord avec les impressionnantes chutes d&rsquo;Iguaz\u00fa aux glaciers d&rsquo;un bleu fascinant en Patagonie, de d\u00e9serts pleins de cactus et formations rocheuses de couleurs vertigineux dans les hauts plateaux andins \u00e0 la province ensoleill\u00e9e et fertile viticole de Mendoza; et sans oublier l\u2019immensit\u00e9 incroyable de la pampa. <a href=\"http:\/\/nice-network.org\/fr\/argentine-voyages\/\">En savoir plus<\/a>.<\/p>\n<\/div><div class=\"nav fusion-mobile-tab-nav\"><ul class=\"nav-tabs nav-justified\"><li><a class=\"tab-link\" data-toggle=\"tab\" role=\"tab\" aria-controls=\"tab-c9131ced016607014ab\" aria-selected=\"false\" tabindex=\"-1\" id=\"mobile-fusion-tab-musique\" href=\"#tab-c9131ced016607014ab\"><h4 class=\"fusion-tab-heading\">Musique<\/h4><\/a><\/li><\/ul><\/div><div class=\"tab-pane fade fusion-clearfix\" role=\"tabpanel\" tabindex=\"0\" aria-labelledby=\"fusion-tab-musique\" id=\"tab-c9131ced016607014ab\">\n<p><strong>Musique : Le tango est-il la premi\u00e8re chose qui vous vient \u00e0 l&rsquo;esprit ?<\/strong><br \/>\nLe tango, c&rsquo;est la musique m\u00e9lancolique qui originairement \u00e0 \u00e9t\u00e9 n\u00e9 il ya 100 ans dans les quartiers pauvres des Buenos Aires. Il a \u00e9t\u00e9 port\u00e9 \u00e0 la r\u00e9putation internationale par des \u00e9toiles du tango comme Carlos Gardel et Astor Piazzolla. Toujours et encore aujourd&rsquo;hui, le tango est pr\u00e9sent, en particulier \u00e0 Buenos Aires.<br \/>\nMais ce n&rsquo;est pas seulement le tango qui fa\u00e7onne la culture de la musique argentine. Lors de f\u00eates, les gens bougent leurs hanches aux beats propre du pays tels que le \u00ab Cuartetto \u00bb ou le \u00ab Cumbia \u00bb. Musique folklorique joviale et po\u00e9tique est jou\u00e9e et accompagn\u00e9e par des pas de danse traditionnels typique s&rsquo;appelant \u00ab Pe\u00f1as \u00bb. Groupes de rock et de pop locaux et bien s\u00fbr des airs de partout dans le monde dominent le programme de radio quotidienne.<br \/>\nLes Argentins aiment la musique ! Pendant l&rsquo;\u00e9t\u00e9, des festivals \u00e9normes de musique ont lieu partout dans le pays. Ou bien les gens prennent la guitare eux-m\u00eames apr\u00e8s un bon d\u00eener ou un \u00ab asado \u00bb avec des amis et chantent et jouent toute la nuit !<\/p>\n<\/div><div class=\"nav fusion-mobile-tab-nav\"><ul class=\"nav-tabs nav-justified\"><li><a class=\"tab-link\" data-toggle=\"tab\" role=\"tab\" aria-controls=\"tab-3c90aa46594a822cf3e\" aria-selected=\"false\" tabindex=\"-1\" id=\"mobile-fusion-tab-cuisine\" href=\"#tab-3c90aa46594a822cf3e\"><h4 class=\"fusion-tab-heading\">Cuisine<\/h4><\/a><\/li><\/ul><\/div><div class=\"tab-pane fade fusion-clearfix\" role=\"tabpanel\" tabindex=\"0\" aria-labelledby=\"fusion-tab-cuisine\" id=\"tab-3c90aa46594a822cf3e\">\n<p><strong>Cuisine : Connaissez-vous les alfajores, l&rsquo;asado et le mate ? <\/strong><br \/>\nIl y a des sp\u00e9cialit\u00e9s que vous ne pouvez trouver que dans la cuisine unique de l&rsquo;Argentine. Surtout, \u00ab l\u2019asado \u00bb (barbecue) &#8211; ce n&rsquo;est pas seulement un repas, c\u2019est plut\u00f4t un rendez-vous avec des amis, accompagn\u00e9 par de grandes quantit\u00e9s de viande d\u00e9licieuse.<br \/>\nLes rues sont bord\u00e9es de lieux de vente de petits carr\u00e9s ou triangles de p\u00e2te avec de diff\u00e9rentes garnitures (l\u00e9gumes, fromage, poulet, etc) \u00ab empanadas \u00bb, une d\u00e9licieuse collation pour tous les jours !<br \/>\nVous pr\u00e9f\u00e9rez des tentations sucr\u00e9es \u00e9tant aussi all\u00e9chantes ? Attention aux \u00ab alfajores \u00bb ! Ces cookies sont remplis de \u00ab dulce de leche \u00bb (une sp\u00e9cialit\u00e9 de cr\u00e8me du caramel), souvent recouvert de chocolat. Par ailleurs, aucune f\u00eate ne d\u00e9marre sans \u00ab Fernet con Coca \u00bb, l&rsquo;italien \u00ab Fernet Branca \u00bb avec du coca !<br \/>\nEt enfin et surtout : \u00ab Mate \u00bb th\u00e9 ! Comme \u00ab l\u2019asado \u00bb, il n&rsquo;est pas seulement la boisson nationale de l&rsquo;Argentine, mais plut\u00f4t un ingr\u00e9dient de style de vie ! Le th\u00e9 amer est servi dans une tasse sp\u00e9ciale, bu \u00e0 travers un \u00ab mate-paillon \u00bb sp\u00e9cial. Il est fait pass\u00e9 vers l&rsquo;int\u00e9rieur du groupe et partag\u00e9 en alternance. Accoutumez-vous \u00e0 voir les habitants portant leurs thermos et \u00e9quipement de mate, pr\u00eats \u00e0 se d\u00e9tendre pendant une minute et pour discuter avec des amis !<\/p>\n<\/div><div class=\"nav fusion-mobile-tab-nav\"><ul class=\"nav-tabs nav-justified\"><li><a class=\"tab-link\" data-toggle=\"tab\" role=\"tab\" aria-controls=\"tab-f661d55659bb2103158\" aria-selected=\"false\" tabindex=\"-1\" id=\"mobile-fusion-tab-economie\" href=\"#tab-f661d55659bb2103158\"><h4 class=\"fusion-tab-heading\">Economie<\/h4><\/a><\/li><\/ul><\/div><div class=\"tab-pane fade fusion-clearfix\" role=\"tabpanel\" tabindex=\"0\" aria-labelledby=\"fusion-tab-economie\" id=\"tab-f661d55659bb2103158\">\n<p><strong>Economie : les ressources naturelles et les industries <\/strong><br \/>\nL&rsquo;Argentine est l&rsquo;un des principaux pays \u00e9mergents et fait partie du G-20 (groupe de pays industrialis\u00e9s et \u00e9mergents dans le monde). Son<a href=\"http:\/\/www.diplomatie.gouv.fr\/fr\/dossiers-pays\/argentine\/\" target=\"_blank\" rel=\"noopener noreferrer\"> \u00e9conomie<\/a> b\u00e9n\u00e9ficie non seulement de ses ressources naturelles, mais aussi de plusieurs industries comp\u00e9titives telles que les industries li\u00e9es \u00e0 l\u2019agriculture, \u00e0 l\u2019automobile et aux m\u00e9taux.<br \/>\nAu cours des derni\u00e8res ann\u00e9es, le pays a par ailleurs connu une croissance importante de l&rsquo;industrie du tourisme, \u00e0 la fois en termes de tourisme interne et du tourisme r\u00e9cepteur.<br \/>\nMalgr\u00e9 ses hauts et ses bas dans l\u2019\u00e9conomie, le pays se trouve dans un fort d\u00e9veloppement, ce qui se traduit par de nombreuses petites et moyennes entreprises ainsi que de soci\u00e9t\u00e9s internationales. \u00c9galement un grand nombre de cr\u00e9ations d&rsquo;entreprises peut \u00eatre observ\u00e9 dans toutes les industries.<\/p>\n<\/div><div class=\"nav fusion-mobile-tab-nav\"><ul class=\"nav-tabs nav-justified\"><li><a class=\"tab-link\" data-toggle=\"tab\" role=\"tab\" aria-controls=\"tab-60cee06325079e56930\" aria-selected=\"false\" tabindex=\"-1\" id=\"mobile-fusion-tab-c\u00e9l\u00e8bres\" href=\"#tab-60cee06325079e56930\"><h4 class=\"fusion-tab-heading\">C\u00e9l\u00e8bres<\/h4><\/a><\/li><\/ul><\/div><div class=\"tab-pane fade fusion-clearfix\" role=\"tabpanel\" tabindex=\"0\" aria-labelledby=\"fusion-tab-c\u00e9l\u00e8bres\" id=\"tab-60cee06325079e56930\">\n<style type=\"text\/css\">.fusion-accordian  #accordion-3012-1 .panel-title a .fa-fusion-box{ color: #ffffff;}.fusion-accordian  #accordion-3012-1 .panel-title a .fa-fusion-box:before{ font-size: 13px; width: 13px;}.fusion-accordian  #accordion-3012-1 .panel-title a{font-size:17px;}.fusion-accordian  #accordion-3012-1 .fa-fusion-box { background-color: #286270;border-color: #286270;}.fusion-accordian  #accordion-3012-1 .panel-title a:hover, #accordion-3012-1 .fusion-toggle-boxed-mode:hover .panel-title a { color: #f48300;}.fusion-accordian  #accordion-3012-1 .panel-title .active .fa-fusion-box,.fusion-accordian  #accordion-3012-1 .panel-title a:hover .fa-fusion-box { background-color: #f48300!important;border-color: #f48300!important;}<\/style><div class=\"accordian fusion-accordian\"><div class=\"panel-group\" id=\"accordion-3012-1\"><\/div><\/div><div class=\"fusion-panel panel-default\"><div class=\"panel-heading\"><h4 class=\"panel-title toggle\"><a class=\"active\" aria-expanded=\"true\" aria-controls=\"4aa8be349cf0c3ca7\" role=\"button\" data-toggle=\"collapse\" data-parent=\"#accordion-3012-2\" data-target=\"#4aa8be349cf0c3ca7\" href=\"#4aa8be349cf0c3ca7\"><span class=\"fusion-toggle-icon-wrapper\" aria-hidden=\"true\"><i class=\"fa-fusion-box\" aria-hidden=\"true\"><\/i><\/span><span class=\"fusion-toggle-heading\">Julio Cort\u00e1zar : Le ma\u00eetre des nouvelles<\/span><\/a><\/h4><\/div><div id=\"4aa8be349cf0c3ca7\" class=\"panel-collapse collapse in\"><div class=\"panel-body toggle-content fusion-clearfix\">\n<div class=\"fusion-builder-row fusion-builder-row-inner fusion-row\"><div class=\"fusion-layout-column fusion_builder_column_inner fusion-builder-nested-column-0 fusion_builder_column_inner_1_4 1_4 fusion-one-fourth fusion-column-first\" style=\"width:25%;width:calc(25% - ( ( 4% ) * 0.25 ) );margin-right: 4%;margin-top:0px;margin-bottom:20px;\"><div class=\"fusion-column-wrapper fusion-flex-column-wrapper-legacy\" style=\"background-position:left top;background-repeat:no-repeat;-webkit-background-size:cover;-moz-background-size:cover;-o-background-size:cover;background-size:cover;padding: 0px 0px 0px 0px;\"> <div class=\"fusion-text fusion-text-5\"><p><img decoding=\"async\" src=\"http:\/\/upload.wikimedia.org\/wikipedia\/commons\/thumb\/1\/19\/Cort%C3%A1zar.jpg\/447px-Cort%C3%A1zar.jpg\" alt=\"\" \/><\/p>\n<\/div> <div class=\"fusion-clearfix\"><\/div><\/div><\/div> <div class=\"fusion-layout-column fusion_builder_column_inner fusion-builder-nested-column-1 fusion_builder_column_inner_3_4 3_4 fusion-three-fourth fusion-column-last\" style=\"width:75%;width:calc(75% - ( ( 4% ) * 0.75 ) );margin-top:0px;margin-bottom:20px;\"><div class=\"fusion-column-wrapper fusion-flex-column-wrapper-legacy\" style=\"background-position:left top;background-repeat:no-repeat;-webkit-background-size:cover;-moz-background-size:cover;-o-background-size:cover;background-size:cover;padding: 0px 0px 0px 0px;\"><div class=\"fusion-text fusion-text-6\"><p>Julio Cort\u00e1zar : (*1914) romancier novateur et essayiste, un engagement politique fort en Am\u00e9rique latine, a influenc\u00e9 toute une g\u00e9n\u00e9ration hispanique de lecteurs et \u00e9crivains, a \u00e9t\u00e9 appel\u00e9 le \u00abma\u00eetre moderne de l&rsquo;histoire courte\u00bb.<\/p>\n<p><a href=\"http:\/\/fr.wikipedia.org\/wiki\/Julio_Cort%C3%A1zar\" target=\"_blank\" rel=\"noopener noreferrer\">Plus d&rsquo;info<\/a><\/p>\n<\/div>\n<div class=\"fusion-clearfix\"><\/div><\/div><\/div><\/div>\n<\/div><\/div><\/div><div class=\"fusion-panel panel-default\"><div class=\"panel-heading\"><h4 class=\"panel-title toggle\"><a aria-expanded=\"false\" aria-controls=\"2c191d58f73e0aed6\" role=\"button\" data-toggle=\"collapse\" data-parent=\"#accordion-3012-2\" data-target=\"#2c191d58f73e0aed6\" href=\"#2c191d58f73e0aed6\"><span class=\"fusion-toggle-icon-wrapper\" aria-hidden=\"true\"><i class=\"fa-fusion-box\" aria-hidden=\"true\"><\/i><\/span><span class=\"fusion-toggle-heading\">Carlos Gardel : La voix du tango du si\u00e8cle 20<\/span><\/a><\/h4><\/div><div id=\"2c191d58f73e0aed6\" class=\"panel-collapse collapse \"><div class=\"panel-body toggle-content fusion-clearfix\">\n<div class=\"fusion-builder-row fusion-builder-row-inner fusion-row\"><div class=\"fusion-layout-column fusion_builder_column_inner fusion-builder-nested-column-2 fusion_builder_column_inner_1_4 1_4 fusion-one-fourth fusion-column-first\" style=\"width:25%;width:calc(25% - ( ( 4% ) * 0.25 ) );margin-right: 4%;margin-top:0px;margin-bottom:20px;\"><div class=\"fusion-column-wrapper fusion-flex-column-wrapper-legacy\" style=\"background-position:left top;background-repeat:no-repeat;-webkit-background-size:cover;-moz-background-size:cover;-o-background-size:cover;background-size:cover;padding: 0px 0px 0px 0px;\"> <div class=\"fusion-text fusion-text-7\"><p><img decoding=\"async\" src=\"http:\/\/upload.wikimedia.org\/wikipedia\/commons\/thumb\/1\/1d\/Mona_Maris_y_Carlos_Gardel.jpg\/428px-Mona_Maris_y_Carlos_Gardel.jpg\" alt=\"\" \/><\/p>\n<\/div> <div class=\"fusion-clearfix\"><\/div><\/div><\/div> <div class=\"fusion-layout-column fusion_builder_column_inner fusion-builder-nested-column-3 fusion_builder_column_inner_3_4 3_4 fusion-three-fourth fusion-column-last\" style=\"width:75%;width:calc(75% - ( ( 4% ) * 0.75 ) );margin-top:0px;margin-bottom:20px;\"><div class=\"fusion-column-wrapper fusion-flex-column-wrapper-legacy\" style=\"background-position:left top;background-repeat:no-repeat;-webkit-background-size:cover;-moz-background-size:cover;-o-background-size:cover;background-size:cover;padding: 0px 0px 0px 0px;\"> <div class=\"fusion-text fusion-text-8\"><p>Carlos Gardel : (*1890) \u00ab The Tango Made Flesh \u00bb (<a href=\"http:\/\/www.historytoday.com\/simon-collier\/tango-made-flesh-carlos-gardel\/\" target=\"_blank\" rel=\"noopener noreferrer\">HistoryToday<\/a>) chanteur, compositeur et acteur, argentin naturalis\u00e9, principal repr\u00e9sentant du tango dans le d\u00e9but du 20 si\u00e8cle.<\/p>\n<p><a href=\"http:\/\/fr.wikipedia.org\/wiki\/Carlos_Gardel\" target=\"_blank\" rel=\"noopener noreferrer\">Plus d&rsquo;info<\/a><\/p>\n<\/div>\n<div class=\"fusion-clearfix\"><\/div><\/div><\/div><\/div>\n<\/div><\/div><\/div><div class=\"fusion-panel panel-default\"><div class=\"panel-heading\"><h4 class=\"panel-title toggle\"><a aria-expanded=\"false\" aria-controls=\"25f9bb35aa909161a\" role=\"button\" data-toggle=\"collapse\" data-parent=\"#accordion-3012-2\" data-target=\"#25f9bb35aa909161a\" href=\"#25f9bb35aa909161a\"><span class=\"fusion-toggle-icon-wrapper\" aria-hidden=\"true\"><i class=\"fa-fusion-box\" aria-hidden=\"true\"><\/i><\/span><span class=\"fusion-toggle-heading\">Jorge Luis Borges : L\u2019\u00e9crivain philosophique <\/span><\/a><\/h4><\/div><div id=\"25f9bb35aa909161a\" class=\"panel-collapse collapse \"><div class=\"panel-body toggle-content fusion-clearfix\">\n<div class=\"fusion-builder-row fusion-builder-row-inner fusion-row\"><div class=\"fusion-layout-column fusion_builder_column_inner fusion-builder-nested-column-4 fusion_builder_column_inner_1_4 1_4 fusion-one-fourth fusion-column-first\" style=\"width:25%;width:calc(25% - ( ( 4% ) * 0.25 ) );margin-right: 4%;margin-top:0px;margin-bottom:20px;\"><div class=\"fusion-column-wrapper fusion-flex-column-wrapper-legacy\" style=\"background-position:left top;background-repeat:no-repeat;-webkit-background-size:cover;-moz-background-size:cover;-o-background-size:cover;background-size:cover;padding: 0px 0px 0px 0px;\"> <div class=\"fusion-text fusion-text-9\"><p><img decoding=\"async\" src=\"http:\/\/upload.wikimedia.org\/wikipedia\/commons\/c\/c6\/Jorge_Luis_Borges.jpg\" alt=\"\" \/><\/p>\n<\/div> <div class=\"fusion-clearfix\"><\/div><\/div><\/div> <div class=\"fusion-layout-column fusion_builder_column_inner fusion-builder-nested-column-5 fusion_builder_column_inner_3_4 3_4 fusion-three-fourth fusion-column-last\" style=\"width:75%;width:calc(75% - ( ( 4% ) * 0.75 ) );margin-top:0px;margin-bottom:20px;\"><div class=\"fusion-column-wrapper fusion-flex-column-wrapper-legacy\" style=\"background-position:left top;background-repeat:no-repeat;-webkit-background-size:cover;-moz-background-size:cover;-o-background-size:cover;background-size:cover;padding: 0px 0px 0px 0px;\"><div class=\"fusion-text fusion-text-10\"><p>Jorge Luis Borges : (*1899) his \u201cworks have become classics of 20th-century world literature\u201d (<a href=\"https:\/\/www.britannica.com\/biography\/Jorge-Luis-Borges\">Britannica<\/a>). Internationalement connu, l&rsquo;\u00e9crivain et\u00a0traducteur argentin se distingue par sa contribution \u00e0 la philosophie et la litt\u00e9rature de r\u00e9alisme magique. Farouche opposant du p\u00e9ronisme et le fascisme.<\/p>\n<p><a href=\"http:\/\/fr.wikipedia.org\/wiki\/Jorge_Luis_Borges\" target=\"_blank\" rel=\"noopener noreferrer\">Plus d&rsquo;info<\/a><\/p>\n<\/div>\n<div class=\"fusion-clearfix\"><\/div><\/div><\/div><\/div>\n<\/div><\/div><\/div><div class=\"fusion-panel panel-default\"><div class=\"panel-heading\"><h4 class=\"panel-title toggle\"><a aria-expanded=\"false\" aria-controls=\"71575d785a165dc83\" role=\"button\" data-toggle=\"collapse\" data-parent=\"#accordion-3012-2\" data-target=\"#71575d785a165dc83\" href=\"#71575d785a165dc83\"><span class=\"fusion-toggle-icon-wrapper\" aria-hidden=\"true\"><i class=\"fa-fusion-box\" aria-hidden=\"true\"><\/i><\/span><span class=\"fusion-toggle-heading\">Eva Per\u00f3n : La premi\u00e8re dame non prot\u00e9g\u00e9e<\/span><\/a><\/h4><\/div><div id=\"71575d785a165dc83\" class=\"panel-collapse collapse \"><div class=\"panel-body toggle-content fusion-clearfix\">\n<div class=\"fusion-builder-row fusion-builder-row-inner fusion-row\"><div class=\"fusion-layout-column fusion_builder_column_inner fusion-builder-nested-column-6 fusion_builder_column_inner_1_4 1_4 fusion-one-fourth fusion-column-first\" style=\"width:25%;width:calc(25% - ( ( 4% ) * 0.25 ) );margin-right: 4%;margin-top:0px;margin-bottom:20px;\"><div class=\"fusion-column-wrapper fusion-flex-column-wrapper-legacy\" style=\"background-position:left top;background-repeat:no-repeat;-webkit-background-size:cover;-moz-background-size:cover;-o-background-size:cover;background-size:cover;padding: 0px 0px 0px 0px;\"> <div class=\"fusion-text fusion-text-11\"><p><img decoding=\"async\" src=\"http:\/\/upload.wikimedia.org\/wikipedia\/commons\/d\/de\/Eva_Per%C3%B3n.jpg\" alt=\"\" \/><\/p>\n<\/div> <div class=\"fusion-clearfix\"><\/div><\/div><\/div> <div class=\"fusion-layout-column fusion_builder_column_inner fusion-builder-nested-column-7 fusion_builder_column_inner_3_4 3_4 fusion-three-fourth fusion-column-last\" style=\"width:75%;width:calc(75% - ( ( 4% ) * 0.75 ) );margin-top:0px;margin-bottom:20px;\"><div class=\"fusion-column-wrapper fusion-flex-column-wrapper-legacy\" style=\"background-position:left top;background-repeat:no-repeat;-webkit-background-size:cover;-moz-background-size:cover;-o-background-size:cover;background-size:cover;padding: 0px 0px 0px 0px;\"><div class=\"fusion-text fusion-text-12\"><p>Eva Per\u00f3n : *(1919) actrice et femme politique, \u201cWomen&rsquo;s Rights Activist\u201d (<a href=\"http:\/\/www.biography.com\/people\/eva-per%C3%B3n-9437976#awesm=~oINctPwwQ6PNxD\" target=\"_blank\" rel=\"noopener noreferrer\">bio<\/a>), Premi\u00e8re Dame comme femme de JD Per\u00f3n, a lutt\u00e9 pour l&rsquo;\u00e9galit\u00e9 des droits des femmes, des travailleurs et des pauvres.\u00a0Elle a fait l&rsquo;histoire comme la femme la plus aim\u00e9e et d\u00e9test\u00e9e de l&rsquo;Argentine.<\/p>\n<p><a href=\"http:\/\/fr.wikipedia.org\/wiki\/Eva_Peron\" target=\"_blank\" rel=\"noopener noreferrer\">Plus d&rsquo;info<\/a><\/p>\n<\/div>\n<div class=\"fusion-clearfix\"><\/div><\/div><\/div><\/div>\n<\/div><\/div><\/div><div class=\"fusion-panel panel-default\"><div class=\"panel-heading\"><h4 class=\"panel-title toggle\"><a aria-expanded=\"false\" aria-controls=\"05d12097791ed3376\" role=\"button\" data-toggle=\"collapse\" data-parent=\"#accordion-3012-2\" data-target=\"#05d12097791ed3376\" href=\"#05d12097791ed3376\"><span class=\"fusion-toggle-icon-wrapper\" aria-hidden=\"true\"><i class=\"fa-fusion-box\" aria-hidden=\"true\"><\/i><\/span><span class=\"fusion-toggle-heading\">Ernesto \u201cChe\u201d Guevara : L\u2019ic\u00f4ne revoutionaire<\/span><\/a><\/h4><\/div><div id=\"05d12097791ed3376\" class=\"panel-collapse collapse \"><div class=\"panel-body toggle-content fusion-clearfix\">\n<div class=\"fusion-builder-row fusion-builder-row-inner fusion-row\"><div class=\"fusion-layout-column fusion_builder_column_inner fusion-builder-nested-column-8 fusion_builder_column_inner_1_4 1_4 fusion-one-fourth fusion-column-first\" style=\"width:25%;width:calc(25% - ( ( 4% ) * 0.25 ) );margin-right: 4%;margin-top:0px;margin-bottom:20px;\"><div class=\"fusion-column-wrapper fusion-flex-column-wrapper-legacy\" style=\"background-position:left top;background-repeat:no-repeat;-webkit-background-size:cover;-moz-background-size:cover;-o-background-size:cover;background-size:cover;padding: 0px 0px 0px 0px;\"> <div class=\"fusion-text fusion-text-13\"><p><img decoding=\"async\" src=\"http:\/\/upload.wikimedia.org\/wikipedia\/commons\/thumb\/8\/8b\/Che_Guevara%2C_Guerrillero_Heroico.jpg\/459px-Che_Guevara%2C_Guerrillero_Heroico.jpg\" alt=\"\" \/><\/p>\n<\/div> <div class=\"fusion-clearfix\"><\/div><\/div><\/div> <div class=\"fusion-layout-column fusion_builder_column_inner fusion-builder-nested-column-9 fusion_builder_column_inner_3_4 3_4 fusion-three-fourth fusion-column-last\" style=\"width:75%;width:calc(75% - ( ( 4% ) * 0.75 ) );margin-top:0px;margin-bottom:20px;\"><div class=\"fusion-column-wrapper fusion-flex-column-wrapper-legacy\" style=\"background-position:left top;background-repeat:no-repeat;-webkit-background-size:cover;-moz-background-size:cover;-o-background-size:cover;background-size:cover;padding: 0px 0px 0px 0px;\"><div class=\"fusion-text fusion-text-14\"><p>Ernesto \u201cChe\u201d Guevara : (1928*) m\u00e9decin, \u00e9crivain, homme politique et dirigeant r\u00e9volutionnaire, est devenu le symbole de la r\u00e9volution de gauche et d&rsquo;autres mouvements contre-cultures.<\/p>\n<p><a href=\"http:\/\/fr.wikipedia.org\/wiki\/Ernesto_Guevara\" target=\"_blank\" rel=\"noopener noreferrer\">Plus d&rsquo;info<\/a><\/p>\n<\/div>\n<div class=\"fusion-clearfix\"><\/div><\/div><\/div><\/div>\n<\/div><\/div><\/div><div class=\"fusion-panel panel-default\"><div class=\"panel-heading\"><h4 class=\"panel-title toggle\"><a aria-expanded=\"false\" aria-controls=\"8b8ad7d93fd6fc6a6\" role=\"button\" data-toggle=\"collapse\" data-parent=\"#accordion-3012-2\" data-target=\"#8b8ad7d93fd6fc6a6\" href=\"#8b8ad7d93fd6fc6a6\"><span class=\"fusion-toggle-icon-wrapper\" aria-hidden=\"true\"><i class=\"fa-fusion-box\" aria-hidden=\"true\"><\/i><\/span><span class=\"fusion-toggle-heading\">Astor Piazzola : Le transformateur du tango <\/span><\/a><\/h4><\/div><div id=\"8b8ad7d93fd6fc6a6\" class=\"panel-collapse collapse \"><div class=\"panel-body toggle-content fusion-clearfix\">\n<div class=\"fusion-builder-row fusion-builder-row-inner fusion-row\"><div class=\"fusion-layout-column fusion_builder_column_inner fusion-builder-nested-column-10 fusion_builder_column_inner_1_4 1_4 fusion-one-fourth fusion-column-first\" style=\"width:25%;width:calc(25% - ( ( 4% ) * 0.25 ) );margin-right: 4%;margin-top:0px;margin-bottom:20px;\"><div class=\"fusion-column-wrapper fusion-flex-column-wrapper-legacy\" style=\"background-position:left top;background-repeat:no-repeat;-webkit-background-size:cover;-moz-background-size:cover;-o-background-size:cover;background-size:cover;padding: 0px 0px 0px 0px;\"> <div class=\"fusion-text fusion-text-15\"><p><img decoding=\"async\" src=\"http:\/\/www.piazzolla.org\/biography\/pics\/astor71.jpg\" alt=\"\" \/><\/p>\n<\/div> <div class=\"fusion-clearfix\"><\/div><\/div><\/div> <div class=\"fusion-layout-column fusion_builder_column_inner fusion-builder-nested-column-11 fusion_builder_column_inner_3_4 3_4 fusion-three-fourth fusion-column-last\" style=\"width:75%;width:calc(75% - ( ( 4% ) * 0.75 ) );margin-top:0px;margin-bottom:20px;\"><div class=\"fusion-column-wrapper fusion-flex-column-wrapper-legacy\" style=\"background-position:left top;background-repeat:no-repeat;-webkit-background-size:cover;-moz-background-size:cover;-o-background-size:cover;background-size:cover;padding: 0px 0px 0px 0px;\"><div class=\"fusion-text fusion-text-16\"><p>Astor Piazzola: (*1921) \u201cthe world&rsquo;s foremost composer of tango music\u201d (<a href=\"http:\/\/www.nytimes.com\/1992\/07\/06\/obituaries\/astor-piazzolla-71-tango-s-modern-master-dies.html\" target=\"_blank\" rel=\"noopener noreferrer\">NYTimes<\/a>) compositeur et bandon\u00e9oniste qui a r\u00e9volutionn\u00e9 le tango en cr\u00e9ant un nouveau style de musique avec des contributions de jazz et classique.<\/p>\n<p><a href=\"http:\/\/fr.wikipedia.org\/wiki\/Astor_Piazzolla\" target=\"_blank\" rel=\"noopener noreferrer\">Plus d&rsquo;info<\/a><\/p>\n<\/div>\n<div class=\"fusion-clearfix\"><\/div><\/div><\/div><\/div>\n<\/div><\/div><\/div><div class=\"fusion-panel panel-default\"><div class=\"panel-heading\"><h4 class=\"panel-title toggle\"><a aria-expanded=\"false\" aria-controls=\"b7be8e958737bd712\" role=\"button\" data-toggle=\"collapse\" data-parent=\"#accordion-3012-2\" data-target=\"#b7be8e958737bd712\" href=\"#b7be8e958737bd712\"><span class=\"fusion-toggle-icon-wrapper\" aria-hidden=\"true\"><i class=\"fa-fusion-box\" aria-hidden=\"true\"><\/i><\/span><span class=\"fusion-toggle-heading\">Diego Maradona : La main de dieu <\/span><\/a><\/h4><\/div><div id=\"b7be8e958737bd712\" class=\"panel-collapse collapse \"><div class=\"panel-body toggle-content fusion-clearfix\">\n<div class=\"fusion-builder-row fusion-builder-row-inner fusion-row\"><div class=\"fusion-layout-column fusion_builder_column_inner fusion-builder-nested-column-12 fusion_builder_column_inner_1_4 1_4 fusion-one-fourth fusion-column-first\" style=\"width:25%;width:calc(25% - ( ( 4% ) * 0.25 ) );margin-right: 4%;margin-top:0px;margin-bottom:20px;\"><div class=\"fusion-column-wrapper fusion-flex-column-wrapper-legacy\" style=\"background-position:left top;background-repeat:no-repeat;-webkit-background-size:cover;-moz-background-size:cover;-o-background-size:cover;background-size:cover;padding: 0px 0px 0px 0px;\"> <div class=\"fusion-text fusion-text-17\"><p><img decoding=\"async\" src=\"http:\/\/upload.wikimedia.org\/wikipedia\/commons\/thumb\/1\/1a\/Maradona_Gianni_Di_Marzio.jpg\/1024px-Maradona_Gianni_Di_Marzio.jpg\" alt=\"\" \/><\/p>\n<\/div> <div class=\"fusion-clearfix\"><\/div><\/div><\/div> <div class=\"fusion-layout-column fusion_builder_column_inner fusion-builder-nested-column-13 fusion_builder_column_inner_3_4 3_4 fusion-three-fourth fusion-column-last\" style=\"width:75%;width:calc(75% - ( ( 4% ) * 0.75 ) );margin-top:0px;margin-bottom:20px;\"><div class=\"fusion-column-wrapper fusion-flex-column-wrapper-legacy\" style=\"background-position:left top;background-repeat:no-repeat;-webkit-background-size:cover;-moz-background-size:cover;-o-background-size:cover;background-size:cover;padding: 0px 0px 0px 0px;\"><div class=\"fusion-text fusion-text-18\"><p>Diego Maradona : (*1960 ) \u00ab Hand of God \u00bb (<a href=\"http:\/\/fr.wikipedia.org\/wiki\/Main_de_Dieu_(football)\" target=\"_blank\" rel=\"noopener noreferrer\">Wikipedia<\/a>) connu comme l&rsquo;un des meilleurs joueurs de football dans le monde. Son caract\u00e8re controvers\u00e9 ne diminue pas l&rsquo;image d&rsquo;une idole ou d&rsquo;une l\u00e9gende populaire argentine.<\/p>\n<p><a href=\"http:\/\/fr.wikipedia.org\/wiki\/Diego_Armando_Maradona\" target=\"_blank\" rel=\"noopener noreferrer\">Plus d&rsquo;info<\/a><\/p>\n<\/div>\n<div class=\"fusion-clearfix\"><\/div><\/div><\/div><\/div>\n<\/div><\/div><\/div><div class=\"fusion-panel panel-default\"><div class=\"panel-heading\"><h4 class=\"panel-title toggle\"><a aria-expanded=\"false\" aria-controls=\"a5fff368b810d72cf\" role=\"button\" data-toggle=\"collapse\" data-parent=\"#accordion-3012-2\" data-target=\"#a5fff368b810d72cf\" href=\"#a5fff368b810d72cf\"><span class=\"fusion-toggle-icon-wrapper\" aria-hidden=\"true\"><i class=\"fa-fusion-box\" aria-hidden=\"true\"><\/i><\/span><span class=\"fusion-toggle-heading\">Cristina Kirchner : N\u00b0 19 des femmes puissantes selon Forbes<\/span><\/a><\/h4><\/div><div id=\"a5fff368b810d72cf\" class=\"panel-collapse collapse \"><div class=\"panel-body toggle-content fusion-clearfix\">\n<div class=\"fusion-builder-row fusion-builder-row-inner fusion-row\"><div class=\"fusion-layout-column fusion_builder_column_inner fusion-builder-nested-column-14 fusion_builder_column_inner_1_4 1_4 fusion-one-fourth fusion-column-first\" style=\"width:25%;width:calc(25% - ( ( 4% ) * 0.25 ) );margin-right: 4%;margin-top:0px;margin-bottom:20px;\"><div class=\"fusion-column-wrapper fusion-flex-column-wrapper-legacy\" style=\"background-position:left top;background-repeat:no-repeat;-webkit-background-size:cover;-moz-background-size:cover;-o-background-size:cover;background-size:cover;padding: 0px 0px 0px 0px;\"> <div class=\"fusion-text fusion-text-19\"><p><img decoding=\"async\" src=\"http:\/\/upload.wikimedia.org\/wikipedia\/commons\/thumb\/1\/1c\/Cristina_Fernandez_Comandante_en_Jefe.jpg\/800px-Cristina_Fernandez_Comandante_en_Jefe.jpg\" alt=\"\" \/><\/p>\n<\/div> <div class=\"fusion-clearfix\"><\/div><\/div><\/div> <div class=\"fusion-layout-column fusion_builder_column_inner fusion-builder-nested-column-15 fusion_builder_column_inner_3_4 3_4 fusion-three-fourth fusion-column-last\" style=\"width:75%;width:calc(75% - ( ( 4% ) * 0.75 ) );margin-top:0px;margin-bottom:20px;\"><div class=\"fusion-column-wrapper fusion-flex-column-wrapper-legacy\" style=\"background-position:left top;background-repeat:no-repeat;-webkit-background-size:cover;-moz-background-size:cover;-o-background-size:cover;background-size:cover;padding: 0px 0px 0px 0px;\"><div class=\"fusion-text fusion-text-20\"><p>Cristina Kirchner : (*1953) femme politique et avocate, pr\u00e9sidente depuis 2007, N \u00b0 19 des 100 femmes les plus influentes au monde selon Forbes (<a href=\"http:\/\/www.forbes.com\/profile\/cristina-fernandez-de-kirchner\/\" target=\"_blank\" rel=\"noopener noreferrer\">Forbes<\/a>). Elle est la premi\u00e8re femme pr\u00e9sidente \u00e9lue au suffrage direct et la premi\u00e8re femme r\u00e9\u00e9lue.<\/p>\n<p><a href=\"http:\/\/fr.wikipedia.org\/wiki\/Cristina_Fern%C3%A1ndez_de_Kirchner\" target=\"_blank\" rel=\"noopener noreferrer\">Plus d&rsquo;info<\/a><\/p>\n<\/div>\n<div class=\"fusion-clearfix\"><\/div><\/div><\/div><\/div>\n<\/div><\/div><\/div><div class=\"fusion-panel panel-default\"><div class=\"panel-heading\"><h4 class=\"panel-title toggle\"><a aria-expanded=\"false\" aria-controls=\"4e5e5d0be71443e0a\" role=\"button\" data-toggle=\"collapse\" data-parent=\"#accordion-3012-2\" data-target=\"#4e5e5d0be71443e0a\" href=\"#4e5e5d0be71443e0a\"><span class=\"fusion-toggle-icon-wrapper\" aria-hidden=\"true\"><i class=\"fa-fusion-box\" aria-hidden=\"true\"><\/i><\/span><span class=\"fusion-toggle-heading\">Mafalda : La fille la plus fameuse d\u2019Argentine<\/span><\/a><\/h4><\/div><div id=\"4e5e5d0be71443e0a\" class=\"panel-collapse collapse \"><div class=\"panel-body toggle-content fusion-clearfix\">\n<div class=\"fusion-builder-row fusion-builder-row-inner fusion-row\"><div class=\"fusion-layout-column fusion_builder_column_inner fusion-builder-nested-column-16 fusion_builder_column_inner_1_4 1_4 fusion-one-fourth fusion-column-first\" style=\"width:25%;width:calc(25% - ( ( 4% ) * 0.25 ) );margin-right: 4%;margin-top:0px;margin-bottom:20px;\"><div class=\"fusion-column-wrapper fusion-flex-column-wrapper-legacy\" style=\"background-position:left top;background-repeat:no-repeat;-webkit-background-size:cover;-moz-background-size:cover;-o-background-size:cover;background-size:cover;padding: 0px 0px 0px 0px;\"> <div class=\"fusion-text fusion-text-21\"><p><img decoding=\"async\" src=\"http:\/\/media-cache-ec0.pinimg.com\/736x\/03\/8e\/24\/038e24039a2f7436547003c5282394e4.jpg\" alt=\"\" \/><\/p>\n<\/div> <div class=\"fusion-clearfix\"><\/div><\/div><\/div> <div class=\"fusion-layout-column fusion_builder_column_inner fusion-builder-nested-column-17 fusion_builder_column_inner_3_4 3_4 fusion-three-fourth fusion-column-last\" style=\"width:75%;width:calc(75% - ( ( 4% ) * 0.75 ) );margin-top:0px;margin-bottom:20px;\"><div class=\"fusion-column-wrapper fusion-flex-column-wrapper-legacy\" style=\"background-position:left top;background-repeat:no-repeat;-webkit-background-size:cover;-moz-background-size:cover;-o-background-size:cover;background-size:cover;padding: 0px 0px 0px 0px;\"><div class=\"fusion-text fusion-text-22\"><p>Mafalda : (*1964) Personnage de bande dessin\u00e9e, petite fille qui refl\u00e8te le sort de l&rsquo;humanit\u00e9 et le monde. La bande dessin\u00e9e donne un aper\u00e7u de la classe moyenne et progressive argentine.<\/p>\n<p><a href=\"http:\/\/fr.wikipedia.org\/wiki\/Mafalda\" target=\"_blank\" rel=\"noopener noreferrer\">Plus d&rsquo;info<\/a><\/p>\n<\/div>\n<div class=\"fusion-clearfix\"><\/div><\/div><\/div><\/div>\n<\/div><\/div><\/div><div class=\"fusion-panel panel-default\"><div class=\"panel-heading\"><h4 class=\"panel-title toggle\"><a aria-expanded=\"false\" aria-controls=\"503470e2907fb7a19\" role=\"button\" data-toggle=\"collapse\" data-parent=\"#accordion-3012-2\" data-target=\"#503470e2907fb7a19\" href=\"#503470e2907fb7a19\"><span class=\"fusion-toggle-icon-wrapper\" aria-hidden=\"true\"><i class=\"fa-fusion-box\" aria-hidden=\"true\"><\/i><\/span><span class=\"fusion-toggle-heading\">Papa Francisco : Le pape des gens <\/span><\/a><\/h4><\/div><div id=\"503470e2907fb7a19\" class=\"panel-collapse collapse \"><div class=\"panel-body toggle-content fusion-clearfix\">\n<div class=\"fusion-builder-row fusion-builder-row-inner fusion-row\"><div class=\"fusion-layout-column fusion_builder_column_inner fusion-builder-nested-column-18 fusion_builder_column_inner_1_4 1_4 fusion-one-fourth fusion-column-first\" style=\"width:25%;width:calc(25% - ( ( 4% ) * 0.25 ) );margin-right: 4%;margin-top:0px;margin-bottom:20px;\"><div class=\"fusion-column-wrapper fusion-flex-column-wrapper-legacy\" style=\"background-position:left top;background-repeat:no-repeat;-webkit-background-size:cover;-moz-background-size:cover;-o-background-size:cover;background-size:cover;padding: 0px 0px 0px 0px;\"> <div class=\"fusion-text fusion-text-23\"><p><img decoding=\"async\" src=\"http:\/\/upload.wikimedia.org\/wikipedia\/commons\/thumb\/0\/09\/Pope_Francis_Korea_Haemi_Castle_19_%28cropped%29.jpg\/220px-Pope_Francis_Korea_Haemi_Castle_19_%28cropped%29.jpg\" alt=\"\" \/><\/p>\n<\/div> <div class=\"fusion-clearfix\"><\/div><\/div><\/div> <div class=\"fusion-layout-column fusion_builder_column_inner fusion-builder-nested-column-19 fusion_builder_column_inner_3_4 3_4 fusion-three-fourth fusion-column-last\" style=\"width:75%;width:calc(75% - ( ( 4% ) * 0.75 ) );margin-top:0px;margin-bottom:20px;\"><div class=\"fusion-column-wrapper fusion-flex-column-wrapper-legacy\" style=\"background-position:left top;background-repeat:no-repeat;-webkit-background-size:cover;-moz-background-size:cover;-o-background-size:cover;background-size:cover;padding: 0px 0px 0px 0px;\"><div class=\"fusion-text fusion-text-24\"><p>Le premier pape non-europ\u00e9en de 1200 ann\u00e9es est Argentin, a pris le nom d&rsquo;un Saint et se soucie des pauvres et des malheureux dans ce monde.<\/p>\n<p><a href=\"http:\/\/fr.wikipedia.org\/wiki\/Fran%C3%A7ois_(pape)\" target=\"_blank\" rel=\"noopener noreferrer\">Plus d&rsquo;info<\/a><\/p>\n<\/div>\n<div class=\"fusion-clearfix\"><\/div><\/div><\/div><\/div>\n<\/div><\/div><\/div><div class=\"fusion-panel panel-default\"><div class=\"panel-heading\"><h4 class=\"panel-title toggle\"><a aria-expanded=\"false\" aria-controls=\"5dc01567702fae618\" role=\"button\" data-toggle=\"collapse\" data-parent=\"#accordion-3012-2\" data-target=\"#5dc01567702fae618\" href=\"#5dc01567702fae618\"><span class=\"fusion-toggle-icon-wrapper\" aria-hidden=\"true\"><i class=\"fa-fusion-box\" aria-hidden=\"true\"><\/i><\/span><span class=\"fusion-toggle-heading\">Lionel Messi : Le joueur n\u00b0 1 de football d\u2019aujourd\u2019hui <\/span><\/a><\/h4><\/div><div id=\"5dc01567702fae618\" class=\"panel-collapse collapse \"><div class=\"panel-body toggle-content fusion-clearfix\">\n<div class=\"fusion-builder-row fusion-builder-row-inner fusion-row\"><div class=\"fusion-layout-column fusion_builder_column_inner fusion-builder-nested-column-20 fusion_builder_column_inner_1_4 1_4 fusion-one-fourth fusion-column-first\" style=\"width:25%;width:calc(25% - ( ( 4% ) * 0.25 ) );margin-right: 4%;margin-top:0px;margin-bottom:20px;\"><div class=\"fusion-column-wrapper fusion-flex-column-wrapper-legacy\" style=\"background-position:left top;background-repeat:no-repeat;-webkit-background-size:cover;-moz-background-size:cover;-o-background-size:cover;background-size:cover;padding: 0px 0px 0px 0px;\"> <div class=\"fusion-text fusion-text-25\"><p><img decoding=\"async\" src=\"http:\/\/upload.wikimedia.org\/wikipedia\/commons\/thumb\/8\/87\/Messi_in_Germany_and_Argentina_face_off_in_the_final_of_the_World_Cup_2014_-2014-07-13_%2824%29.jpg\/250px-Messi_in_Germany_and_Argentina_face_off_in_the_final_of_the_World_Cup_2014_-2014-07-13_%2824%29.jpg\" alt=\"\" \/><\/p>\n<\/div> <div class=\"fusion-clearfix\"><\/div><\/div><\/div> <div class=\"fusion-layout-column fusion_builder_column_inner fusion-builder-nested-column-21 fusion_builder_column_inner_3_4 3_4 fusion-three-fourth fusion-column-last\" style=\"width:75%;width:calc(75% - ( ( 4% ) * 0.75 ) );margin-top:0px;margin-bottom:20px;\"><div class=\"fusion-column-wrapper fusion-flex-column-wrapper-legacy\" style=\"background-position:left top;background-repeat:no-repeat;-webkit-background-size:cover;-moz-background-size:cover;-o-background-size:cover;background-size:cover;padding: 0px 0px 0px 0px;\"><div class=\"fusion-text fusion-text-26\"><p>internationalement reconnu comme l&rsquo;un des meilleurs joueurs de football du monde, vainqueur repet\u00e9 \u00e9lu pour le par la FIFA 2010-2013 (<a href=\"http:\/\/fr.wikipedia.org\/wiki\/FIFA_Ballon_d%27or\" target=\"_blank\" rel=\"noopener noreferrer\">Wikipedia<\/a>). En 2010, il \u00e9tait nombr\u00e9 par l&rsquo;UNICEF pour ses pr\u00e9occupations et actions humanitaires pour les enfants et les adolescents (<a href=\"http:\/\/fr.wikipedia.org\/wiki\/Liste_des_ambassadeurs_de_l%27Unicef\" target=\"_blank\" rel=\"noopener noreferrer\">Wikipedia<\/a>).<\/p>\n<p><a href=\"http:\/\/fr.wikipedia.org\/wiki\/Lionel_Messi\" target=\"_blank\" rel=\"noopener noreferrer\">Plus d&rsquo;info<\/a><\/p>\n<\/div>\n<div class=\"fusion-clearfix\"><\/div><\/div><\/div><\/div>\n<\/div><\/div><\/div>\n<\/div><\/div><\/div><div class=\"fusion-clearfix\"><\/div><\/div><\/div><div class=\"fusion-layout-column fusion_builder_column fusion-builder-column-7 fusion_builder_column_1_3 1_3 fusion-one-third fusion-column-last\" style=\"width:30.6666%;margin-top:0px;margin-bottom:20px;\"><div class=\"fusion-column-wrapper fusion-flex-column-wrapper-legacy\" style=\"background-position:left top;background-repeat:no-repeat;-webkit-background-size:cover;-moz-background-size:cover;-o-background-size:cover;background-size:cover;padding: 0px 0px 0px 0px;\"><div class=\"fusion-text fusion-text-27\"><p><a href=\"http:\/\/nice-network.org\/fr\/stage-volontariat-bourse\/\"><img decoding=\"async\" class=\"margin-buton aligncenter wp-image-3997 size-full\" title=\"postes vacants &amp; last minute\" src=\"http:\/\/nice-network.org\/wp-content\/uploads\/2015\/01\/Stage-or-Volotariat-FR.png\" alt=\"Last minute et postes vacants pour stages et b\u00e9n\u00e9volats en Am\u00e9rique du Sud\" width=\"347\" height=\"380\" srcset=\"https:\/\/nice-network.org\/wp-content\/uploads\/2015\/01\/Stage-or-Volotariat-FR-274x300.png 274w, https:\/\/nice-network.org\/wp-content\/uploads\/2015\/01\/Stage-or-Volotariat-FR.png 347w\" sizes=\"(max-width: 347px) 100vw, 347px\" \/><\/a><\/p>\n<\/div><div class=\"fusion-clearfix\"><\/div><\/div><\/div><\/div><\/div><div class=\"fusion-fullwidth fullwidth-box fusion-builder-row-4 nonhundred-percent-fullwidth non-hundred-percent-height-scrolling\" style=\"background-color: no;background-position: left top;background-repeat: no-repeat;padding-top:0px;padding-right:0px;padding-bottom:50px;padding-left:0px;margin-bottom: 0px;margin-top: 0px;border-width: 0px 0px 0px 0px;border-color:#eae9e9;border-style:solid;\" ><div class=\"fusion-builder-row fusion-row\"><div class=\"fusion-layout-column fusion_builder_column fusion-builder-column-8 fusion_builder_column_1_1 1_1 fusion-one-full fusion-column-first fusion-column-last fusion-column-no-min-height\" style=\"margin-top:0px;margin-bottom:0px;\"><div class=\"fusion-column-wrapper fusion-flex-column-wrapper-legacy\" style=\"background-position:left top;background-repeat:no-repeat;-webkit-background-size:cover;-moz-background-size:cover;-o-background-size:cover;background-size:cover;padding: 0px 0px 0px 0px;\"><style type=\"text\/css\"><\/style><div class=\"fusion-title title fusion-title-4 fusion-sep-none fusion-title-text fusion-title-size-five\" style=\"margin-top:0px;margin-right:0px;margin-bottom:31px;margin-left:0px;\"><h5 class=\"title-heading-left\" style=\"margin:0;\">Jetez un regard sur tous nos services !<\/h5><\/div><div class=\"fusion-clearfix\"><\/div><\/div><\/div><div class=\"fusion-layout-column fusion_builder_column fusion-builder-column-9 fusion_builder_column_1_1 1_1 fusion-one-full fusion-column-first fusion-column-last fusion-column-no-min-height\" style=\"margin-top:0px;margin-bottom:0px;\"><div class=\"fusion-column-wrapper fusion-flex-column-wrapper-legacy\" style=\"background-position:left top;background-repeat:no-repeat;-webkit-background-size:cover;-moz-background-size:cover;-o-background-size:cover;background-size:cover;padding: 0px 0px 0px 0px;\"><div class=\"fusion-image-carousel fusion-image-carousel-fixed fusion-carousel-border\"><div class=\"fusion-carousel\" data-autoplay=\"no\" data-columns=\"5\" data-itemmargin=\"13\" data-itemwidth=\"180\" data-touchscroll=\"no\" data-imagesize=\"fixed\"><div class=\"fusion-carousel-positioner\"><ul class=\"fusion-carousel-holder\"><li class=\"fusion-carousel-item\"><div class=\"fusion-carousel-item-wrapper\"><div class=\"fusion-image-wrapper hover-type-none\"><a href=\"http:\/\/nice-network.org\/fr\/guide\/\" target=\"_self\"><img decoding=\"async\" src=\"http:\/\/nice-network.org\/wp-content\/uploads\/2015\/02\/Travel-Preparation-Petrol-Frances.gif\" alt=\"Pr\u00e9paration de votre voyage en Argentine et Am\u00e9rique du Sud\"\/><\/a><\/div><\/div><\/li><li class=\"fusion-carousel-item\"><div class=\"fusion-carousel-item-wrapper\"><div class=\"fusion-image-wrapper hover-type-none\"><a href=\"http:\/\/nice-network.org\/fr\/promotion\/\" target=\"_self\"><img decoding=\"async\" src=\"http:\/\/nice-network.org\/wp-content\/uploads\/2015\/02\/Promotion-Petrol-Frances.gif\" alt=\"Packages pour stages ou volontariats en Argentine\"\/><\/a><\/div><\/div><\/li><li class=\"fusion-carousel-item\"><div class=\"fusion-carousel-item-wrapper\"><div class=\"fusion-image-wrapper hover-type-none\"><a href=\"http:\/\/nice-network.org\/fr\/coursdespagnol-intensifplus\/\" target=\"_self\"><img decoding=\"async\" src=\"http:\/\/nice-network.org\/wp-content\/uploads\/2015\/02\/Intensiv-Course-Plus-Petrol-France.gif\" alt=\"Apprendre l'espagnol en Argentine\"\/><\/a><\/div><\/div><\/li><li class=\"fusion-carousel-item\"><div class=\"fusion-carousel-item-wrapper\"><div class=\"fusion-image-wrapper hover-type-none\"><a href=\"http:\/\/nice-network.org\/fr\/description\/\" target=\"_self\"><img decoding=\"async\" src=\"http:\/\/nice-network.org\/wp-content\/uploads\/2015\/02\/About-Nice-Petrol-Frances.gif\" alt=\"Stages et volontariats en Argentine\"\/><\/a><\/div><\/div><\/li><li class=\"fusion-carousel-item\"><div class=\"fusion-carousel-item-wrapper\"><div class=\"fusion-image-wrapper hover-type-none\"><a href=\"http:\/\/nice-network.org\/fr\/logement\/\" target=\"_self\"><img decoding=\"async\" src=\"http:\/\/nice-network.org\/wp-content\/uploads\/2015\/02\/Nice-Acco-Petrol-Frances.gif\" alt=\"Acceuil et logement en Argentine\"\/><\/a><\/div><\/div><\/li><li class=\"fusion-carousel-item\"><div class=\"fusion-carousel-item-wrapper\"><div class=\"fusion-image-wrapper hover-type-none\"><a href=\"http:\/\/nice-network.org\/fr\/stage-categoryfit\/\" target=\"_self\"><img decoding=\"async\" src=\"http:\/\/nice-network.org\/wp-content\/uploads\/2015\/02\/Category-Fit-Petrol-Frances.gif\" alt=\"Stage \u00e0 l'\u00e9tranger en Argentine\"\/><\/a><\/div><\/div><\/li><li class=\"fusion-carousel-item\"><div class=\"fusion-carousel-item-wrapper\"><div class=\"fusion-image-wrapper hover-type-none\"><a href=\"http:\/\/nice-network.org\/fr\/argentine-voyages\/\" target=\"_self\"><img decoding=\"async\" src=\"http:\/\/nice-network.org\/wp-content\/uploads\/2015\/02\/Touristic-Highlights-Petrol-Frances.gif\" alt=\"D\u00e9couvrez les meilleurs lieux en Argentine\"\/><\/a><\/div><\/div><\/li><li class=\"fusion-carousel-item\"><div class=\"fusion-carousel-item-wrapper\"><div class=\"fusion-image-wrapper hover-type-none\"><a href=\"http:\/\/nice-network.org\/fr\/coursdespagnol-amerique-du-sud\/\" target=\"_self\"><img decoding=\"async\" src=\"http:\/\/nice-network.org\/wp-content\/uploads\/2015\/02\/Learn-Spanish-Petrol-Frances.gif\" alt=\"Cours d'espagnol en Am\u00e9rique du Sud\"\/><\/a><\/div><\/div><\/li><li class=\"fusion-carousel-item\"><div class=\"fusion-carousel-item-wrapper\"><div class=\"fusion-image-wrapper hover-type-none\"><a href=\"http:\/\/nice-network.org\/fr\/pourquoi\/\" target=\"_self\"><img decoding=\"async\" src=\"http:\/\/nice-network.org\/wp-content\/uploads\/2015\/02\/Why-Nice-Petrol-Frances.gif\" alt=\"Le sp\u00e9cialiste pour stages et volontariats en Argentine\"\/><\/a><\/div><\/div><\/li><li class=\"fusion-carousel-item\"><div class=\"fusion-carousel-item-wrapper\"><div class=\"fusion-image-wrapper hover-type-none\"><a href=\"http:\/\/nice-network.org\/fr\/stage-gapyear\/\" target=\"_self\"><img decoding=\"async\" src=\"http:\/\/nice-network.org\/wp-content\/uploads\/2015\/02\/Gap-Year-Petrol-Frances.gif\" alt=\"Stages et Gap Year en Am\u00e9rique du Sud\"\/><\/a><\/div><\/div><\/li><li class=\"fusion-carousel-item\"><div class=\"fusion-carousel-item-wrapper\"><div class=\"fusion-image-wrapper hover-type-none\"><a href=\"http:\/\/nice-network.org\/fr\/stage-amerique-du-sud\/\" target=\"_self\"><img decoding=\"async\" src=\"http:\/\/nice-network.org\/wp-content\/uploads\/2015\/02\/Internship-Petrol-Frances.gif\" alt=\"Stage en Am\u00e9rique du Sud\"\/><\/a><\/div><\/div><\/li><li class=\"fusion-carousel-item\"><div class=\"fusion-carousel-item-wrapper\"><div class=\"fusion-image-wrapper hover-type-none\"><a href=\"http:\/\/nice-network.org\/fr\/coursdespagnol-amerique-du-sud\/\" target=\"_self\"><img decoding=\"async\" src=\"http:\/\/nice-network.org\/wp-content\/uploads\/2015\/02\/Learn-Spanish-Petrol-Frances.gif\" alt=\"Cours d'espagnol en Am\u00e9rique du Sud\"\/><\/a><\/div><\/div><\/li><li class=\"fusion-carousel-item\"><div class=\"fusion-carousel-item-wrapper\"><div class=\"fusion-image-wrapper hover-type-none\"><a href=\"http:\/\/nice-network.org\/fr\/promotion\/\" target=\"_self\"><img decoding=\"async\" src=\"http:\/\/nice-network.org\/wp-content\/uploads\/2015\/02\/Promotion-Petrol-Frances.gif\" alt=\"Packages pour stages ou volontariats en Argentine\"\/><\/a><\/div><\/div><\/li><li class=\"fusion-carousel-item\"><div class=\"fusion-carousel-item-wrapper\"><div class=\"fusion-image-wrapper hover-type-none\"><a href=\"http:\/\/nice-network.org\/fr\/volontariat-amerique-du-sud\/\" target=\"_self\"><img decoding=\"async\" src=\"http:\/\/nice-network.org\/wp-content\/uploads\/2015\/02\/Volunteer-Petrol-Frances.gif\" alt=\"Volontariats en Am\u00e9rique du Sud\"\/><\/a><\/div><\/div><\/li><li class=\"fusion-carousel-item\"><div class=\"fusion-carousel-item-wrapper\"><div class=\"fusion-image-wrapper hover-type-none\"><a href=\"http:\/\/nice-network.org\/fr\/coursdespagnol-commercial\/\" target=\"_self\"><img decoding=\"async\" src=\"http:\/\/nice-network.org\/wp-content\/uploads\/2015\/02\/Business-Spanish-Petrol-Frances.gif\" alt=\"Cours d'espagnol commerciale en Argentine\"\/><\/a><\/div><\/div><\/li><li class=\"fusion-carousel-item\"><div class=\"fusion-carousel-item-wrapper\"><div class=\"fusion-image-wrapper hover-type-none\"><a href=\"http:\/\/nice-network.org\/fr\/description\/\" target=\"_self\"><img decoding=\"async\" src=\"http:\/\/nice-network.org\/wp-content\/uploads\/2015\/02\/About-Nice-Petrol-Frances.gif\" alt=\"Cours d'espagnol commerciale en Argentine\"\/><\/a><\/div><\/div><\/li><li class=\"fusion-carousel-item\"><div class=\"fusion-carousel-item-wrapper\"><div class=\"fusion-image-wrapper hover-type-none\"><a href=\"http:\/\/nice-network.org\/fr\/stage-categoryfit\/\" target=\"_self\"><img decoding=\"async\" src=\"http:\/\/nice-network.org\/wp-content\/uploads\/2015\/02\/Category-Fit-Petrol-Frances.gif\" alt=\"Stage \u00e0 l'\u00e9tranger en Argentine\"\/><\/a><\/div><\/div><\/li><li class=\"fusion-carousel-item\"><div class=\"fusion-carousel-item-wrapper\"><div class=\"fusion-image-wrapper hover-type-none\"><a href=\"http:\/\/nice-network.org\/fr\/stage-volontariat-bourse\" target=\"_self\"><img decoding=\"async\" src=\"http:\/\/nice-network.org\/wp-content\/uploads\/2015\/02\/Internship-Vac-Petrol-Frances.gif\" alt=\"Postes vacants pour stages en Argentine\"\/><\/a><\/div><\/div><\/li><li class=\"fusion-carousel-item\"><div class=\"fusion-carousel-item-wrapper\"><div class=\"fusion-image-wrapper hover-type-none\"><a href=\"http:\/\/nice-network.org\/fr\/argentine-amerique-du-sud\/\" target=\"_self\"><img decoding=\"async\" src=\"http:\/\/nice-network.org\/wp-content\/uploads\/2015\/02\/Discover-Argentina-Petrol-Frances.gif\" alt=\"L'argentine: La vraie Am\u00e9rique du Sud\"\/><\/a><\/div><\/div><\/li><li class=\"fusion-carousel-item\"><div class=\"fusion-carousel-item-wrapper\"><div class=\"fusion-image-wrapper hover-type-none\"><a href=\"http:\/\/nice-network.org\/fr\/logement\/\" target=\"_self\"><img decoding=\"async\" src=\"http:\/\/nice-network.org\/wp-content\/uploads\/2015\/02\/Nice-Acco-Petrol-Frances.gif\" alt=\"Acceuil et logement en Argentine\"\/><\/a><\/div><\/div><\/li><li class=\"fusion-carousel-item\"><div class=\"fusion-carousel-item-wrapper\"><div class=\"fusion-image-wrapper hover-type-none\"><a href=\"http:\/\/nice-network.org\/fr\/stage-personalfit\/\" target=\"_self\"><img decoding=\"async\" src=\"http:\/\/nice-network.org\/wp-content\/uploads\/2015\/02\/Personal-Fit-Petrol-Frances.gif\" alt=\"Stages pour des \u00e9tudiants en Argentine\"\/><\/a><\/div><\/div><\/li><li class=\"fusion-carousel-item\"><div class=\"fusion-carousel-item-wrapper\"><div class=\"fusion-image-wrapper hover-type-none\"><a href=\"http:\/\/nice-network.org\/fr\/argentine-voyages\/\" target=\"_self\"><img decoding=\"async\" src=\"http:\/\/nice-network.org\/wp-content\/uploads\/2015\/02\/Touristic-Highlights-Petrol-Frances.gif\" alt=\"D\u00e9couvrez les meilleurs lieux en Argentine\"\/><\/a><\/div><\/div><\/li><li class=\"fusion-carousel-item\"><div class=\"fusion-carousel-item-wrapper\"><div class=\"fusion-image-wrapper hover-type-none\"><a href=\"http:\/\/nice-network.org\/fr\/coursdespagnol-amerique-du-sud\/\" target=\"_self\"><img decoding=\"async\" src=\"http:\/\/nice-network.org\/wp-content\/uploads\/2015\/02\/Learn-Spanish-Petrol-Frances.gif\" alt=\"Cours d'espagnol en Am\u00e9rique du Sud\"\/><\/a><\/div><\/div><\/li><li class=\"fusion-carousel-item\"><div class=\"fusion-carousel-item-wrapper\"><div class=\"fusion-image-wrapper hover-type-none\"><a href=\"http:\/\/nice-network.org\/fr\/stage-gapyear\/\" target=\"_self\"><img decoding=\"async\" src=\"http:\/\/nice-network.org\/wp-content\/uploads\/2015\/02\/Gap-Year-Petrol-Frances.gif\" alt=\"Stages et Gap Year en Am\u00e9rique du Sud\"\/><\/a><\/div><\/div><\/li><\/ul><div class=\"fusion-carousel-nav\"><span class=\"fusion-nav-prev\"><\/span><span class=\"fusion-nav-next\"><\/span><\/div><\/div><\/div><\/div><div class=\"fusion-clearfix\"><\/div><\/div><\/div><\/div><\/div><\/p>\n","protected":false},"excerpt":{"rendered":"","protected":false},"author":5,"featured_media":0,"parent":0,"menu_order":0,"comment_status":"open","ping_status":"closed","template":"","meta":{"footnotes":""},"_links":{"self":[{"href":"https:\/\/nice-network.org\/fr\/wp-json\/wp\/v2\/pages\/3012"}],"collection":[{"href":"https:\/\/nice-network.org\/fr\/wp-json\/wp\/v2\/pages"}],"about":[{"href":"https:\/\/nice-network.org\/fr\/wp-json\/wp\/v2\/types\/page"}],"author":[{"embeddable":true,"href":"https:\/\/nice-network.org\/fr\/wp-json\/wp\/v2\/users\/5"}],"replies":[{"embeddable":true,"href":"https:\/\/nice-network.org\/fr\/wp-json\/wp\/v2\/comments?post=3012"}],"version-history":[{"count":9,"href":"https:\/\/nice-network.org\/fr\/wp-json\/wp\/v2\/pages\/3012\/revisions"}],"predecessor-version":[{"id":21070,"href":"https:\/\/nice-network.org\/fr\/wp-json\/wp\/v2\/pages\/3012\/revisions\/21070"}],"wp:attachment":[{"href":"https:\/\/nice-network.org\/fr\/wp-json\/wp\/v2\/media?parent=3012"}],"curies":[{"name":"wp","href":"https:\/\/api.w.org\/{rel}","templated":true}]}}